{"id":11453,"date":"2023-10-04T08:24:09","date_gmt":"2023-10-04T07:24:09","guid":{"rendered":"http:\/\/etival.fr\/?page_id=11453"},"modified":"2023-10-04T09:11:03","modified_gmt":"2023-10-04T08:11:03","slug":"2023-2","status":"publish","type":"page","link":"https:\/\/etival.fr\/?page_id=11453","title":{"rendered":"\u00c9dition 2023"},"content":{"rendered":"\n<p><\/p>\n\n\n\n<figure class=\"wp-block-image size-large\"><a href=\"http:\/\/etival.fr\/wp-content\/uploads\/2023\/10\/Couverture-FB-Color-Run.png\"><img loading=\"lazy\" decoding=\"async\" width=\"1024\" height=\"380\" src=\"http:\/\/etival.fr\/wp-content\/uploads\/2023\/10\/Couverture-FB-Color-Run-1024x380.png\" alt=\"\" class=\"wp-image-11471\" srcset=\"https:\/\/etival.fr\/wp-content\/uploads\/2023\/10\/Couverture-FB-Color-Run-1024x380.png 1024w, https:\/\/etival.fr\/wp-content\/uploads\/2023\/10\/Couverture-FB-Color-Run-300x111.png 300w, https:\/\/etival.fr\/wp-content\/uploads\/2023\/10\/Couverture-FB-Color-Run-768x285.png 768w, https:\/\/etival.fr\/wp-content\/uploads\/2023\/10\/Couverture-FB-Color-Run-1536x570.png 1536w, https:\/\/etival.fr\/wp-content\/uploads\/2023\/10\/Couverture-FB-Color-Run-2048x759.png 2048w, https:\/\/etival.fr\/wp-content\/uploads\/2023\/10\/Couverture-FB-Color-Run-624x231.png 624w\" sizes=\"auto, (max-width: 1024px) 100vw, 1024px\" \/><\/a><\/figure>\n\n\n\n<p class=\"has-text-color\" style=\"color:#f6731c\"><strong>Petits et grands, jeunes ou moins jeunes, vous avez aim\u00e9 le fun et les couleurs !<\/strong><\/p>\n\n\n\n<p>a distance \u00e0 parcourir \u00e9tait de 5 km et non chronom\u00e9tr\u00e9e. Il vous a suffi de franchir la ligne d\u2019arriv\u00e9e en courant ou en marchant\u2026<br>Une manifestation inoubliable !!!<br>Nous remercions tous les participants, b\u00e9n\u00e9voles, associations impliqu\u00e9es et nos partenaires.<br>Sans eux, cette journ\u00e9e n&rsquo;aurait pas pu refl\u00e9ter la joie et la bonne humeur.<br>L&rsquo;int\u00e9gralit\u00e9 du montant des inscriptions, soit une somme de 3 460 \u20ac, a \u00e9t\u00e9 remise \u00e0 l&rsquo;association AREMIG, Association pour la Recherche et les \u00c9tudes dans les Maladies Infantiles Graves. (\u00e0 ce montant, viendra s&rsquo;ajouter la participation financi\u00e8re des associations pr\u00e9sentes dans le village color\u00e9).<\/p>\n\n\n\n<p class=\"has-text-color has-medium-font-size\" style=\"color:#50a02d\">Nous vous donnons rendez-vous pour la deuxi\u00e8me \u00e9dition en 2024.<\/p>\n\n\n\n<figure class=\"wp-block-image size-large\"><a href=\"http:\/\/etival.fr\/wp-content\/uploads\/2023\/10\/384568480_7120752101288815_8696884443165144741_n-scaled.jpg\"><img loading=\"lazy\" decoding=\"async\" width=\"1024\" height=\"683\" src=\"http:\/\/etival.fr\/wp-content\/uploads\/2023\/10\/384568480_7120752101288815_8696884443165144741_n-1024x683.jpg\" alt=\"\" class=\"wp-image-11472\" srcset=\"https:\/\/etival.fr\/wp-content\/uploads\/2023\/10\/384568480_7120752101288815_8696884443165144741_n-1024x683.jpg 1024w, https:\/\/etival.fr\/wp-content\/uploads\/2023\/10\/384568480_7120752101288815_8696884443165144741_n-300x200.jpg 300w, https:\/\/etival.fr\/wp-content\/uploads\/2023\/10\/384568480_7120752101288815_8696884443165144741_n-768x512.jpg 768w, https:\/\/etival.fr\/wp-content\/uploads\/2023\/10\/384568480_7120752101288815_8696884443165144741_n-1536x1024.jpg 1536w, https:\/\/etival.fr\/wp-content\/uploads\/2023\/10\/384568480_7120752101288815_8696884443165144741_n-2048x1365.jpg 2048w, https:\/\/etival.fr\/wp-content\/uploads\/2023\/10\/384568480_7120752101288815_8696884443165144741_n-624x416.jpg 624w\" sizes=\"auto, (max-width: 1024px) 100vw, 1024px\" \/><\/a><\/figure>\n\n\n\n<figure class=\"wp-block-gallery has-nested-images columns-default is-cropped wp-block-gallery-1 is-layout-flex wp-block-gallery-is-layout-flex\">\n<figure class=\"wp-block-image size-large\"><a href=\"http:\/\/etival.fr\/wp-content\/uploads\/2023\/10\/384568931_7120732124624146_3292609116458492582_n-scaled.jpg\"><img loading=\"lazy\" decoding=\"async\" width=\"1024\" height=\"683\" data-id=\"11473\" src=\"http:\/\/etival.fr\/wp-content\/uploads\/2023\/10\/384568931_7120732124624146_3292609116458492582_n-1024x683.jpg\" alt=\"\" class=\"wp-image-11473\" srcset=\"https:\/\/etival.fr\/wp-content\/uploads\/2023\/10\/384568931_7120732124624146_3292609116458492582_n-1024x683.jpg 1024w, https:\/\/etival.fr\/wp-content\/uploads\/2023\/10\/384568931_7120732124624146_3292609116458492582_n-300x200.jpg 300w, https:\/\/etival.fr\/wp-content\/uploads\/2023\/10\/384568931_7120732124624146_3292609116458492582_n-768x512.jpg 768w, https:\/\/etival.fr\/wp-content\/uploads\/2023\/10\/384568931_7120732124624146_3292609116458492582_n-1536x1024.jpg 1536w, https:\/\/etival.fr\/wp-content\/uploads\/2023\/10\/384568931_7120732124624146_3292609116458492582_n-2048x1365.jpg 2048w, https:\/\/etival.fr\/wp-content\/uploads\/2023\/10\/384568931_7120732124624146_3292609116458492582_n-624x416.jpg 624w\" sizes=\"auto, (max-width: 1024px) 100vw, 1024px\" \/><\/a><\/figure>\n<\/figure>\n\n\n\n<figure class=\"wp-block-gallery has-nested-images columns-default is-cropped wp-block-gallery-2 is-layout-flex wp-block-gallery-is-layout-flex\">\n<figure class=\"wp-block-image size-large\"><a href=\"http:\/\/etival.fr\/wp-content\/uploads\/2023\/10\/DJI_0008-1-scaled.jpg\"><img loading=\"lazy\" decoding=\"async\" width=\"1024\" height=\"768\" data-id=\"11460\" src=\"http:\/\/etival.fr\/wp-content\/uploads\/2023\/10\/DJI_0008-1-1024x768.jpg\" alt=\"\" class=\"wp-image-11460\" srcset=\"https:\/\/etival.fr\/wp-content\/uploads\/2023\/10\/DJI_0008-1-1024x768.jpg 1024w, https:\/\/etival.fr\/wp-content\/uploads\/2023\/10\/DJI_0008-1-300x225.jpg 300w, https:\/\/etival.fr\/wp-content\/uploads\/2023\/10\/DJI_0008-1-768x576.jpg 768w, https:\/\/etival.fr\/wp-content\/uploads\/2023\/10\/DJI_0008-1-1536x1152.jpg 1536w, https:\/\/etival.fr\/wp-content\/uploads\/2023\/10\/DJI_0008-1-2048x1536.jpg 2048w, https:\/\/etival.fr\/wp-content\/uploads\/2023\/10\/DJI_0008-1-624x468.jpg 624w\" sizes=\"auto, (max-width: 1024px) 100vw, 1024px\" \/><\/a><figcaption class=\"wp-element-caption\">DCIM\\100MEDIA\\DJI_0008.JPG<\/figcaption><\/figure>\n\n\n\n<figure class=\"wp-block-image size-large\"><a href=\"http:\/\/etival.fr\/wp-content\/uploads\/2023\/10\/DJI_0014-1-scaled.jpg\"><img loading=\"lazy\" decoding=\"async\" width=\"1024\" height=\"768\" data-id=\"11461\" src=\"http:\/\/etival.fr\/wp-content\/uploads\/2023\/10\/DJI_0014-1-1024x768.jpg\" alt=\"\" class=\"wp-image-11461\" srcset=\"https:\/\/etival.fr\/wp-content\/uploads\/2023\/10\/DJI_0014-1-1024x768.jpg 1024w, https:\/\/etival.fr\/wp-content\/uploads\/2023\/10\/DJI_0014-1-300x225.jpg 300w, https:\/\/etival.fr\/wp-content\/uploads\/2023\/10\/DJI_0014-1-768x576.jpg 768w, https:\/\/etival.fr\/wp-content\/uploads\/2023\/10\/DJI_0014-1-1536x1152.jpg 1536w, https:\/\/etival.fr\/wp-content\/uploads\/2023\/10\/DJI_0014-1-2048x1536.jpg 2048w, https:\/\/etival.fr\/wp-content\/uploads\/2023\/10\/DJI_0014-1-624x468.jpg 624w\" sizes=\"auto, (max-width: 1024px) 100vw, 1024px\" \/><\/a><figcaption class=\"wp-element-caption\">DCIM\\100MEDIA\\DJI_0014.JPG<\/figcaption><\/figure>\n\n\n\n<figure class=\"wp-block-image size-large\"><a href=\"http:\/\/etival.fr\/wp-content\/uploads\/2023\/10\/DJI_0015-1-scaled.jpg\"><img loading=\"lazy\" decoding=\"async\" width=\"1024\" height=\"768\" data-id=\"11462\" src=\"http:\/\/etival.fr\/wp-content\/uploads\/2023\/10\/DJI_0015-1-1024x768.jpg\" alt=\"\" class=\"wp-image-11462\" srcset=\"https:\/\/etival.fr\/wp-content\/uploads\/2023\/10\/DJI_0015-1-1024x768.jpg 1024w, https:\/\/etival.fr\/wp-content\/uploads\/2023\/10\/DJI_0015-1-300x225.jpg 300w, https:\/\/etival.fr\/wp-content\/uploads\/2023\/10\/DJI_0015-1-768x576.jpg 768w, https:\/\/etival.fr\/wp-content\/uploads\/2023\/10\/DJI_0015-1-1536x1152.jpg 1536w, https:\/\/etival.fr\/wp-content\/uploads\/2023\/10\/DJI_0015-1-2048x1536.jpg 2048w, https:\/\/etival.fr\/wp-content\/uploads\/2023\/10\/DJI_0015-1-624x468.jpg 624w\" sizes=\"auto, (max-width: 1024px) 100vw, 1024px\" \/><\/a><figcaption class=\"wp-element-caption\">DCIM\\100MEDIA\\DJI_0015.JPG<\/figcaption><\/figure>\n\n\n\n<figure class=\"wp-block-image size-large\"><a href=\"http:\/\/etival.fr\/wp-content\/uploads\/2023\/10\/DJI_0026-scaled.jpg\"><img loading=\"lazy\" decoding=\"async\" width=\"1024\" height=\"768\" data-id=\"11463\" src=\"http:\/\/etival.fr\/wp-content\/uploads\/2023\/10\/DJI_0026-1024x768.jpg\" alt=\"\" class=\"wp-image-11463\" srcset=\"https:\/\/etival.fr\/wp-content\/uploads\/2023\/10\/DJI_0026-1024x768.jpg 1024w, https:\/\/etival.fr\/wp-content\/uploads\/2023\/10\/DJI_0026-300x225.jpg 300w, https:\/\/etival.fr\/wp-content\/uploads\/2023\/10\/DJI_0026-768x576.jpg 768w, https:\/\/etival.fr\/wp-content\/uploads\/2023\/10\/DJI_0026-1536x1152.jpg 1536w, https:\/\/etival.fr\/wp-content\/uploads\/2023\/10\/DJI_0026-2048x1536.jpg 2048w, https:\/\/etival.fr\/wp-content\/uploads\/2023\/10\/DJI_0026-624x468.jpg 624w\" sizes=\"auto, (max-width: 1024px) 100vw, 1024px\" \/><\/a><figcaption class=\"wp-element-caption\">DCIM\\100MEDIA\\DJI_0026.JPG<\/figcaption><\/figure>\n\n\n\n<figure class=\"wp-block-image size-large\"><a href=\"http:\/\/etival.fr\/wp-content\/uploads\/2023\/10\/DJI_0090-scaled.jpg\"><img loading=\"lazy\" decoding=\"async\" width=\"1024\" height=\"768\" data-id=\"11464\" src=\"http:\/\/etival.fr\/wp-content\/uploads\/2023\/10\/DJI_0090-1024x768.jpg\" alt=\"\" class=\"wp-image-11464\" srcset=\"https:\/\/etival.fr\/wp-content\/uploads\/2023\/10\/DJI_0090-1024x768.jpg 1024w, https:\/\/etival.fr\/wp-content\/uploads\/2023\/10\/DJI_0090-300x225.jpg 300w, https:\/\/etival.fr\/wp-content\/uploads\/2023\/10\/DJI_0090-768x576.jpg 768w, https:\/\/etival.fr\/wp-content\/uploads\/2023\/10\/DJI_0090-1536x1152.jpg 1536w, https:\/\/etival.fr\/wp-content\/uploads\/2023\/10\/DJI_0090-2048x1536.jpg 2048w, https:\/\/etival.fr\/wp-content\/uploads\/2023\/10\/DJI_0090-624x468.jpg 624w\" sizes=\"auto, (max-width: 1024px) 100vw, 1024px\" \/><\/a><figcaption class=\"wp-element-caption\">DCIM\\100MEDIA\\DJI_0090.JPG<\/figcaption><\/figure>\n\n\n\n<figure class=\"wp-block-image size-large\"><a href=\"http:\/\/etival.fr\/wp-content\/uploads\/2023\/10\/DJI_0097-scaled.jpg\"><img loading=\"lazy\" decoding=\"async\" width=\"1024\" height=\"768\" data-id=\"11465\" src=\"http:\/\/etival.fr\/wp-content\/uploads\/2023\/10\/DJI_0097-1024x768.jpg\" alt=\"\" class=\"wp-image-11465\" srcset=\"https:\/\/etival.fr\/wp-content\/uploads\/2023\/10\/DJI_0097-1024x768.jpg 1024w, https:\/\/etival.fr\/wp-content\/uploads\/2023\/10\/DJI_0097-300x225.jpg 300w, https:\/\/etival.fr\/wp-content\/uploads\/2023\/10\/DJI_0097-768x576.jpg 768w, https:\/\/etival.fr\/wp-content\/uploads\/2023\/10\/DJI_0097-1536x1152.jpg 1536w, https:\/\/etival.fr\/wp-content\/uploads\/2023\/10\/DJI_0097-2048x1536.jpg 2048w, https:\/\/etival.fr\/wp-content\/uploads\/2023\/10\/DJI_0097-624x468.jpg 624w\" sizes=\"auto, (max-width: 1024px) 100vw, 1024px\" \/><\/a><figcaption class=\"wp-element-caption\">DCIM\\100MEDIA\\DJI_0097.JPG<\/figcaption><\/figure>\n\n\n\n<figure class=\"wp-block-image size-large\"><a href=\"http:\/\/etival.fr\/wp-content\/uploads\/2023\/10\/DJI_0055-scaled.jpg\"><img loading=\"lazy\" decoding=\"async\" width=\"1024\" height=\"768\" data-id=\"11466\" src=\"http:\/\/etival.fr\/wp-content\/uploads\/2023\/10\/DJI_0055-1024x768.jpg\" alt=\"\" class=\"wp-image-11466\" srcset=\"https:\/\/etival.fr\/wp-content\/uploads\/2023\/10\/DJI_0055-1024x768.jpg 1024w, https:\/\/etival.fr\/wp-content\/uploads\/2023\/10\/DJI_0055-300x225.jpg 300w, https:\/\/etival.fr\/wp-content\/uploads\/2023\/10\/DJI_0055-768x576.jpg 768w, https:\/\/etival.fr\/wp-content\/uploads\/2023\/10\/DJI_0055-1536x1152.jpg 1536w, https:\/\/etival.fr\/wp-content\/uploads\/2023\/10\/DJI_0055-2048x1536.jpg 2048w, https:\/\/etival.fr\/wp-content\/uploads\/2023\/10\/DJI_0055-624x468.jpg 624w\" sizes=\"auto, (max-width: 1024px) 100vw, 1024px\" \/><\/a><figcaption class=\"wp-element-caption\">DCIM\\100MEDIA\\DJI_0055.JPG<\/figcaption><\/figure>\n\n\n\n<figure class=\"wp-block-image size-large\"><a href=\"http:\/\/etival.fr\/wp-content\/uploads\/2023\/10\/DJI_0048-scaled.jpg\"><img loading=\"lazy\" decoding=\"async\" width=\"1024\" height=\"768\" data-id=\"11467\" src=\"http:\/\/etival.fr\/wp-content\/uploads\/2023\/10\/DJI_0048-1024x768.jpg\" alt=\"\" class=\"wp-image-11467\" srcset=\"https:\/\/etival.fr\/wp-content\/uploads\/2023\/10\/DJI_0048-1024x768.jpg 1024w, https:\/\/etival.fr\/wp-content\/uploads\/2023\/10\/DJI_0048-300x225.jpg 300w, https:\/\/etival.fr\/wp-content\/uploads\/2023\/10\/DJI_0048-768x576.jpg 768w, https:\/\/etival.fr\/wp-content\/uploads\/2023\/10\/DJI_0048-1536x1152.jpg 1536w, https:\/\/etival.fr\/wp-content\/uploads\/2023\/10\/DJI_0048-2048x1536.jpg 2048w, https:\/\/etival.fr\/wp-content\/uploads\/2023\/10\/DJI_0048-624x468.jpg 624w\" sizes=\"auto, (max-width: 1024px) 100vw, 1024px\" \/><\/a><figcaption class=\"wp-element-caption\">DCIM\\100MEDIA\\DJI_0048.JPG<\/figcaption><\/figure>\n\n\n\n<figure class=\"wp-block-image size-large\"><a href=\"http:\/\/etival.fr\/wp-content\/uploads\/2023\/10\/DJI_0099-scaled.jpg\"><img loading=\"lazy\" decoding=\"async\" width=\"1024\" height=\"768\" data-id=\"11468\" src=\"http:\/\/etival.fr\/wp-content\/uploads\/2023\/10\/DJI_0099-1024x768.jpg\" alt=\"\" class=\"wp-image-11468\" srcset=\"https:\/\/etival.fr\/wp-content\/uploads\/2023\/10\/DJI_0099-1024x768.jpg 1024w, https:\/\/etival.fr\/wp-content\/uploads\/2023\/10\/DJI_0099-300x225.jpg 300w, https:\/\/etival.fr\/wp-content\/uploads\/2023\/10\/DJI_0099-768x576.jpg 768w, https:\/\/etival.fr\/wp-content\/uploads\/2023\/10\/DJI_0099-1536x1152.jpg 1536w, https:\/\/etival.fr\/wp-content\/uploads\/2023\/10\/DJI_0099-2048x1536.jpg 2048w, https:\/\/etival.fr\/wp-content\/uploads\/2023\/10\/DJI_0099-624x468.jpg 624w\" sizes=\"auto, (max-width: 1024px) 100vw, 1024px\" \/><\/a><figcaption class=\"wp-element-caption\">DCIM\\100MEDIA\\DJI_0099.JPG<\/figcaption><\/figure>\n<\/figure>\n","protected":false},"excerpt":{"rendered":"<p>Petits et grands, jeunes ou moins jeunes, vous avez aim\u00e9 le fun et les couleurs ! a distance \u00e0 parcourir \u00e9tait de 5 km et non chronom\u00e9tr\u00e9e. Il vous a suffi de franchir la ligne d\u2019arriv\u00e9e en courant ou en marchant\u2026Une manifestation inoubliable !!!Nous remercions tous les participants, b\u00e9n\u00e9voles, associations impliqu\u00e9es et nos partenaires.Sans eux, [&hellip;]<\/p>\n","protected":false},"author":2,"featured_media":0,"parent":0,"menu_order":0,"comment_status":"closed","ping_status":"closed","template":"","meta":{"footnotes":""},"class_list":["post-11453","page","type-page","status-publish","hentry"],"yoast_head":"<!-- This site is optimized with the Yoast SEO plugin v26.8 - https:\/\/yoast.com\/product\/yoast-seo-wordpress\/ -->\n<title>\u00c9dition 2023 - Etival-Clairefontaine<\/title>\n<meta name=\"robots\" content=\"index, follow, max-snippet:-1, max-image-preview:large, max-video-preview:-1\" \/>\n<link rel=\"canonical\" href=\"https:\/\/etival.fr\/?page_id=11453\" \/>\n<meta property=\"og:locale\" content=\"fr_FR\" \/>\n<meta property=\"og:type\" content=\"article\" \/>\n<meta property=\"og:title\" content=\"\u00c9dition 2023 - Etival-Clairefontaine\" \/>\n<meta property=\"og:description\" content=\"Petits et grands, jeunes ou moins jeunes, vous avez aim\u00e9 le fun et les couleurs ! a distance \u00e0 parcourir \u00e9tait de 5 km et non chronom\u00e9tr\u00e9e. Il vous a suffi de franchir la ligne d\u2019arriv\u00e9e en courant ou en marchant\u2026Une manifestation inoubliable !!!Nous remercions tous les participants, b\u00e9n\u00e9voles, associations impliqu\u00e9es et nos partenaires.Sans eux, [&hellip;]\" \/>\n<meta property=\"og:url\" content=\"https:\/\/etival.fr\/?page_id=11453\" \/>\n<meta property=\"og:site_name\" content=\"Etival-Clairefontaine\" \/>\n<meta property=\"article:modified_time\" content=\"2023-10-04T08:11:03+00:00\" \/>\n<meta property=\"og:image\" content=\"http:\/\/etival.fr\/wp-content\/uploads\/2023\/10\/Couverture-FB-Color-Run-1024x380.png\" \/>\n<meta name=\"twitter:card\" content=\"summary_large_image\" \/>\n<meta name=\"twitter:label1\" content=\"Dur\u00e9e de lecture estim\u00e9e\" \/>\n\t<meta name=\"twitter:data1\" content=\"4 minutes\" \/>\n<script type=\"application\/ld+json\" class=\"yoast-schema-graph\">{\"@context\":\"https:\/\/schema.org\",\"@graph\":[{\"@type\":\"WebPage\",\"@id\":\"https:\/\/etival.fr\/?page_id=11453\",\"url\":\"https:\/\/etival.fr\/?page_id=11453\",\"name\":\"\u00c9dition 2023 - Etival-Clairefontaine\",\"isPartOf\":{\"@id\":\"https:\/\/etival.fr\/#website\"},\"primaryImageOfPage\":{\"@id\":\"https:\/\/etival.fr\/?page_id=11453#primaryimage\"},\"image\":{\"@id\":\"https:\/\/etival.fr\/?page_id=11453#primaryimage\"},\"thumbnailUrl\":\"http:\/\/etival.fr\/wp-content\/uploads\/2023\/10\/Couverture-FB-Color-Run-1024x380.png\",\"datePublished\":\"2023-10-04T07:24:09+00:00\",\"dateModified\":\"2023-10-04T08:11:03+00:00\",\"breadcrumb\":{\"@id\":\"https:\/\/etival.fr\/?page_id=11453#breadcrumb\"},\"inLanguage\":\"fr-FR\",\"potentialAction\":[{\"@type\":\"ReadAction\",\"target\":[\"https:\/\/etival.fr\/?page_id=11453\"]}]},{\"@type\":\"ImageObject\",\"inLanguage\":\"fr-FR\",\"@id\":\"https:\/\/etival.fr\/?page_id=11453#primaryimage\",\"url\":\"https:\/\/etival.fr\/wp-content\/uploads\/2023\/10\/Couverture-FB-Color-Run.png\",\"contentUrl\":\"https:\/\/etival.fr\/wp-content\/uploads\/2023\/10\/Couverture-FB-Color-Run.png\",\"width\":2125,\"height\":788},{\"@type\":\"BreadcrumbList\",\"@id\":\"https:\/\/etival.fr\/?page_id=11453#breadcrumb\",\"itemListElement\":[{\"@type\":\"ListItem\",\"position\":1,\"name\":\"Accueil\",\"item\":\"https:\/\/etival.fr\/\"},{\"@type\":\"ListItem\",\"position\":2,\"name\":\"\u00c9dition 2023\"}]},{\"@type\":\"WebSite\",\"@id\":\"https:\/\/etival.fr\/#website\",\"url\":\"https:\/\/etival.fr\/\",\"name\":\"Etival-Clairefontaine\",\"description\":\"Informations et actualit\u00e9s de la commune\",\"potentialAction\":[{\"@type\":\"SearchAction\",\"target\":{\"@type\":\"EntryPoint\",\"urlTemplate\":\"https:\/\/etival.fr\/?s={search_term_string}\"},\"query-input\":{\"@type\":\"PropertyValueSpecification\",\"valueRequired\":true,\"valueName\":\"search_term_string\"}}],\"inLanguage\":\"fr-FR\"}]}<\/script>\n<!-- \/ Yoast SEO plugin. -->","yoast_head_json":{"title":"\u00c9dition 2023 - Etival-Clairefontaine","robots":{"index":"index","follow":"follow","max-snippet":"max-snippet:-1","max-image-preview":"max-image-preview:large","max-video-preview":"max-video-preview:-1"},"canonical":"https:\/\/etival.fr\/?page_id=11453","og_locale":"fr_FR","og_type":"article","og_title":"\u00c9dition 2023 - Etival-Clairefontaine","og_description":"Petits et grands, jeunes ou moins jeunes, vous avez aim\u00e9 le fun et les couleurs ! a distance \u00e0 parcourir \u00e9tait de 5 km et non chronom\u00e9tr\u00e9e. Il vous a suffi de franchir la ligne d\u2019arriv\u00e9e en courant ou en marchant\u2026Une manifestation inoubliable !!!Nous remercions tous les participants, b\u00e9n\u00e9voles, associations impliqu\u00e9es et nos partenaires.Sans eux, [&hellip;]","og_url":"https:\/\/etival.fr\/?page_id=11453","og_site_name":"Etival-Clairefontaine","article_modified_time":"2023-10-04T08:11:03+00:00","og_image":[{"url":"http:\/\/etival.fr\/wp-content\/uploads\/2023\/10\/Couverture-FB-Color-Run-1024x380.png","type":"","width":"","height":""}],"twitter_card":"summary_large_image","twitter_misc":{"Dur\u00e9e de lecture estim\u00e9e":"4 minutes"},"schema":{"@context":"https:\/\/schema.org","@graph":[{"@type":"WebPage","@id":"https:\/\/etival.fr\/?page_id=11453","url":"https:\/\/etival.fr\/?page_id=11453","name":"\u00c9dition 2023 - Etival-Clairefontaine","isPartOf":{"@id":"https:\/\/etival.fr\/#website"},"primaryImageOfPage":{"@id":"https:\/\/etival.fr\/?page_id=11453#primaryimage"},"image":{"@id":"https:\/\/etival.fr\/?page_id=11453#primaryimage"},"thumbnailUrl":"http:\/\/etival.fr\/wp-content\/uploads\/2023\/10\/Couverture-FB-Color-Run-1024x380.png","datePublished":"2023-10-04T07:24:09+00:00","dateModified":"2023-10-04T08:11:03+00:00","breadcrumb":{"@id":"https:\/\/etival.fr\/?page_id=11453#breadcrumb"},"inLanguage":"fr-FR","potentialAction":[{"@type":"ReadAction","target":["https:\/\/etival.fr\/?page_id=11453"]}]},{"@type":"ImageObject","inLanguage":"fr-FR","@id":"https:\/\/etival.fr\/?page_id=11453#primaryimage","url":"https:\/\/etival.fr\/wp-content\/uploads\/2023\/10\/Couverture-FB-Color-Run.png","contentUrl":"https:\/\/etival.fr\/wp-content\/uploads\/2023\/10\/Couverture-FB-Color-Run.png","width":2125,"height":788},{"@type":"BreadcrumbList","@id":"https:\/\/etival.fr\/?page_id=11453#breadcrumb","itemListElement":[{"@type":"ListItem","position":1,"name":"Accueil","item":"https:\/\/etival.fr\/"},{"@type":"ListItem","position":2,"name":"\u00c9dition 2023"}]},{"@type":"WebSite","@id":"https:\/\/etival.fr\/#website","url":"https:\/\/etival.fr\/","name":"Etival-Clairefontaine","description":"Informations et actualit\u00e9s de la commune","potentialAction":[{"@type":"SearchAction","target":{"@type":"EntryPoint","urlTemplate":"https:\/\/etival.fr\/?s={search_term_string}"},"query-input":{"@type":"PropertyValueSpecification","valueRequired":true,"valueName":"search_term_string"}}],"inLanguage":"fr-FR"}]}},"_links":{"self":[{"href":"https:\/\/etival.fr\/index.php?rest_route=\/wp\/v2\/pages\/11453","targetHints":{"allow":["GET"]}}],"collection":[{"href":"https:\/\/etival.fr\/index.php?rest_route=\/wp\/v2\/pages"}],"about":[{"href":"https:\/\/etival.fr\/index.php?rest_route=\/wp\/v2\/types\/page"}],"author":[{"embeddable":true,"href":"https:\/\/etival.fr\/index.php?rest_route=\/wp\/v2\/users\/2"}],"replies":[{"embeddable":true,"href":"https:\/\/etival.fr\/index.php?rest_route=%2Fwp%2Fv2%2Fcomments&post=11453"}],"version-history":[{"count":3,"href":"https:\/\/etival.fr\/index.php?rest_route=\/wp\/v2\/pages\/11453\/revisions"}],"predecessor-version":[{"id":11474,"href":"https:\/\/etival.fr\/index.php?rest_route=\/wp\/v2\/pages\/11453\/revisions\/11474"}],"wp:attachment":[{"href":"https:\/\/etival.fr\/index.php?rest_route=%2Fwp%2Fv2%2Fmedia&parent=11453"}],"curies":[{"name":"wp","href":"https:\/\/api.w.org\/{rel}","templated":true}]}}