{"id":154,"date":"2014-07-16T13:02:46","date_gmt":"2014-07-16T12:02:46","guid":{"rendered":"http:\/\/etival.fr\/?page_id=154"},"modified":"2024-12-20T08:53:53","modified_gmt":"2024-12-20T07:53:53","slug":"services-municipaux-2","status":"publish","type":"page","link":"https:\/\/etival.fr\/?page_id=154","title":{"rendered":"Services Municipaux"},"content":{"rendered":"<h3><span style=\"color: #008000;\">Mairie<\/span><\/h3>\n<p>4, Rue du Vivier<br \/>\nBP.7<br \/>\n88480 ETIVAL-CLAIREFONTAINE<br \/>\nT\u00e9l. : 03.29.41.52.19<br \/>\nFax. : 03.29.41.72.57<\/p>\n<h3><span style=\"color: #383882;\">Heures d&rsquo;ouverture<\/span><\/h3>\n<p>du lundi au vendredi de 9h \u00e0 12h et de 14h \u00e0 17h<br \/>\nsamedi de 8h30 \u00e0 11h30<\/p>\n<h3><span style=\"color: #383882;\">Services de la Commune<\/span><\/h3>\n<p><span style=\"color: #383882;\"><strong>Directeur G\u00e9n\u00e9ral des Services<\/strong><\/span><br \/>\nChristophe MARBACH &#8211; T\u00e9l. : 03.29.41.29.53<\/p>\n<p style=\"text-align: justify;\"><span style=\"color: #383882;\">Accueil et standard &#8211; Gestion des salles communales <\/span><br \/>\n<span style=\"color: #383882;\"> Affaires scolaires &#8211; Cimeti\u00e8re &#8211; Etat-Civil<\/span><br \/>\nSandra COSSIN &#8211; T\u00e9l. : 03.29.41.52.19<\/p>\n<p style=\"text-align: justify;\"><span style=\"color: #383882;\"><strong>Comptabilit\u00e9<br \/>\n<\/strong><\/span>Val\u00e9rie LAVERGNE &#8211; T\u00e9l. : 03.29.41.29.52<\/p>\n<p style=\"text-align: justify;\"><span style=\"color: #383882;\">Urbanisme &#8211; Factures d&rsquo;eau &#8211; C.C.A.S. &#8211; T\u00e9l\u00e9alarme<\/span><br \/>\nG\u00e9raldine GEORGES &#8211; T\u00e9l. : 03.29.41.29.51<\/p>\n<p style=\"text-align: justify;\"><span style=\"color: #383882;\">Communication &#8211; Site officiel de la Ville &#8211; Stiv&rsquo;Infos Facebook &#8211; Intra Muros<br \/>\nC\u00e9r\u00e9monies officielles &#8211; Conception de Stiv&rsquo;Infos<br \/>\nGestion du panneau lumineux &amp; des logements<br \/>\n<\/span><span style=\"color: #383882;\">R\u00e9alisation de programmes pour les Associations Stivaliennes<\/span><br \/>\nCatherine GEORGEL &#8211; T\u00e9l. : 03.29.4129.57<\/p>\n<p><span style=\"color: #383882;\"><strong>Services Techniques<\/strong><\/span><\/p>\n<p><strong><span style=\"color: #808080;\"><span style=\"color: #383882;\">Police Municipale<\/span><br \/>\n<\/span><\/strong>T\u00e9l. : 03.29.41.29.50<\/p>\n","protected":false},"excerpt":{"rendered":"<p>Mairie 4, Rue du Vivier BP.7 88480 ETIVAL-CLAIREFONTAINE T\u00e9l. : 03.29.41.52.19 Fax. : 03.29.41.72.57 Heures d&rsquo;ouverture du lundi au vendredi de 9h \u00e0 12h et de 14h \u00e0 17h samedi de 8h30 \u00e0 11h30 Services de la Commune Directeur G\u00e9n\u00e9ral des Services Christophe MARBACH &#8211; T\u00e9l. : 03.29.41.29.53 Accueil et standard &#8211; Gestion des salles [&hellip;]<\/p>\n","protected":false},"author":2,"featured_media":0,"parent":2,"menu_order":0,"comment_status":"closed","ping_status":"open","template":"","meta":{"footnotes":""},"class_list":["post-154","page","type-page","status-publish","hentry"],"yoast_head":"<!-- This site is optimized with the Yoast SEO plugin v26.8 - https:\/\/yoast.com\/product\/yoast-seo-wordpress\/ -->\n<title>Services Municipaux - Etival-Clairefontaine<\/title>\n<meta name=\"robots\" content=\"index, follow, max-snippet:-1, max-image-preview:large, max-video-preview:-1\" \/>\n<link rel=\"canonical\" href=\"https:\/\/etival.fr\/?page_id=154\" \/>\n<meta property=\"og:locale\" content=\"fr_FR\" \/>\n<meta property=\"og:type\" content=\"article\" \/>\n<meta property=\"og:title\" content=\"Services Municipaux - Etival-Clairefontaine\" \/>\n<meta property=\"og:description\" content=\"Mairie 4, Rue du Vivier BP.7 88480 ETIVAL-CLAIREFONTAINE T\u00e9l. : 03.29.41.52.19 Fax. : 03.29.41.72.57 Heures d&rsquo;ouverture du lundi au vendredi de 9h \u00e0 12h et de 14h \u00e0 17h samedi de 8h30 \u00e0 11h30 Services de la Commune Directeur G\u00e9n\u00e9ral des Services Christophe MARBACH &#8211; T\u00e9l. : 03.29.41.29.53 Accueil et standard &#8211; Gestion des salles [&hellip;]\" \/>\n<meta property=\"og:url\" content=\"https:\/\/etival.fr\/?page_id=154\" \/>\n<meta property=\"og:site_name\" content=\"Etival-Clairefontaine\" \/>\n<meta property=\"article:modified_time\" content=\"2024-12-20T07:53:53+00:00\" \/>\n<meta name=\"twitter:card\" content=\"summary_large_image\" \/>\n<meta name=\"twitter:label1\" content=\"Dur\u00e9e de lecture estim\u00e9e\" \/>\n\t<meta name=\"twitter:data1\" content=\"1 minute\" \/>\n<script type=\"application\/ld+json\" class=\"yoast-schema-graph\">{\"@context\":\"https:\/\/schema.org\",\"@graph\":[{\"@type\":\"WebPage\",\"@id\":\"https:\/\/etival.fr\/?page_id=154\",\"url\":\"https:\/\/etival.fr\/?page_id=154\",\"name\":\"Services Municipaux - Etival-Clairefontaine\",\"isPartOf\":{\"@id\":\"https:\/\/etival.fr\/#website\"},\"datePublished\":\"2014-07-16T12:02:46+00:00\",\"dateModified\":\"2024-12-20T07:53:53+00:00\",\"breadcrumb\":{\"@id\":\"https:\/\/etival.fr\/?page_id=154#breadcrumb\"},\"inLanguage\":\"fr-FR\",\"potentialAction\":[{\"@type\":\"ReadAction\",\"target\":[\"https:\/\/etival.fr\/?page_id=154\"]}]},{\"@type\":\"BreadcrumbList\",\"@id\":\"https:\/\/etival.fr\/?page_id=154#breadcrumb\",\"itemListElement\":[{\"@type\":\"ListItem\",\"position\":1,\"name\":\"Accueil\",\"item\":\"https:\/\/etival.fr\/\"},{\"@type\":\"ListItem\",\"position\":2,\"name\":\"Votre mairie\",\"item\":\"https:\/\/etival.fr\/?page_id=2\"},{\"@type\":\"ListItem\",\"position\":3,\"name\":\"Services Municipaux\"}]},{\"@type\":\"WebSite\",\"@id\":\"https:\/\/etival.fr\/#website\",\"url\":\"https:\/\/etival.fr\/\",\"name\":\"Etival-Clairefontaine\",\"description\":\"Informations et actualit\u00e9s de la commune\",\"potentialAction\":[{\"@type\":\"SearchAction\",\"target\":{\"@type\":\"EntryPoint\",\"urlTemplate\":\"https:\/\/etival.fr\/?s={search_term_string}\"},\"query-input\":{\"@type\":\"PropertyValueSpecification\",\"valueRequired\":true,\"valueName\":\"search_term_string\"}}],\"inLanguage\":\"fr-FR\"}]}<\/script>\n<!-- \/ Yoast SEO plugin. -->","yoast_head_json":{"title":"Services Municipaux - Etival-Clairefontaine","robots":{"index":"index","follow":"follow","max-snippet":"max-snippet:-1","max-image-preview":"max-image-preview:large","max-video-preview":"max-video-preview:-1"},"canonical":"https:\/\/etival.fr\/?page_id=154","og_locale":"fr_FR","og_type":"article","og_title":"Services Municipaux - Etival-Clairefontaine","og_description":"Mairie 4, Rue du Vivier BP.7 88480 ETIVAL-CLAIREFONTAINE T\u00e9l. : 03.29.41.52.19 Fax. : 03.29.41.72.57 Heures d&rsquo;ouverture du lundi au vendredi de 9h \u00e0 12h et de 14h \u00e0 17h samedi de 8h30 \u00e0 11h30 Services de la Commune Directeur G\u00e9n\u00e9ral des Services Christophe MARBACH &#8211; T\u00e9l. : 03.29.41.29.53 Accueil et standard &#8211; Gestion des salles [&hellip;]","og_url":"https:\/\/etival.fr\/?page_id=154","og_site_name":"Etival-Clairefontaine","article_modified_time":"2024-12-20T07:53:53+00:00","twitter_card":"summary_large_image","twitter_misc":{"Dur\u00e9e de lecture estim\u00e9e":"1 minute"},"schema":{"@context":"https:\/\/schema.org","@graph":[{"@type":"WebPage","@id":"https:\/\/etival.fr\/?page_id=154","url":"https:\/\/etival.fr\/?page_id=154","name":"Services Municipaux - Etival-Clairefontaine","isPartOf":{"@id":"https:\/\/etival.fr\/#website"},"datePublished":"2014-07-16T12:02:46+00:00","dateModified":"2024-12-20T07:53:53+00:00","breadcrumb":{"@id":"https:\/\/etival.fr\/?page_id=154#breadcrumb"},"inLanguage":"fr-FR","potentialAction":[{"@type":"ReadAction","target":["https:\/\/etival.fr\/?page_id=154"]}]},{"@type":"BreadcrumbList","@id":"https:\/\/etival.fr\/?page_id=154#breadcrumb","itemListElement":[{"@type":"ListItem","position":1,"name":"Accueil","item":"https:\/\/etival.fr\/"},{"@type":"ListItem","position":2,"name":"Votre mairie","item":"https:\/\/etival.fr\/?page_id=2"},{"@type":"ListItem","position":3,"name":"Services Municipaux"}]},{"@type":"WebSite","@id":"https:\/\/etival.fr\/#website","url":"https:\/\/etival.fr\/","name":"Etival-Clairefontaine","description":"Informations et actualit\u00e9s de la commune","potentialAction":[{"@type":"SearchAction","target":{"@type":"EntryPoint","urlTemplate":"https:\/\/etival.fr\/?s={search_term_string}"},"query-input":{"@type":"PropertyValueSpecification","valueRequired":true,"valueName":"search_term_string"}}],"inLanguage":"fr-FR"}]}},"_links":{"self":[{"href":"https:\/\/etival.fr\/index.php?rest_route=\/wp\/v2\/pages\/154","targetHints":{"allow":["GET"]}}],"collection":[{"href":"https:\/\/etival.fr\/index.php?rest_route=\/wp\/v2\/pages"}],"about":[{"href":"https:\/\/etival.fr\/index.php?rest_route=\/wp\/v2\/types\/page"}],"author":[{"embeddable":true,"href":"https:\/\/etival.fr\/index.php?rest_route=\/wp\/v2\/users\/2"}],"replies":[{"embeddable":true,"href":"https:\/\/etival.fr\/index.php?rest_route=%2Fwp%2Fv2%2Fcomments&post=154"}],"version-history":[{"count":15,"href":"https:\/\/etival.fr\/index.php?rest_route=\/wp\/v2\/pages\/154\/revisions"}],"predecessor-version":[{"id":12417,"href":"https:\/\/etival.fr\/index.php?rest_route=\/wp\/v2\/pages\/154\/revisions\/12417"}],"up":[{"embeddable":true,"href":"https:\/\/etival.fr\/index.php?rest_route=\/wp\/v2\/pages\/2"}],"wp:attachment":[{"href":"https:\/\/etival.fr\/index.php?rest_route=%2Fwp%2Fv2%2Fmedia&parent=154"}],"curies":[{"name":"wp","href":"https:\/\/api.w.org\/{rel}","templated":true}]}}