{"id":2,"date":"2014-07-14T11:07:57","date_gmt":"2014-07-14T11:07:57","guid":{"rendered":"http:\/\/etival.fr\/?page_id=2"},"modified":"2020-05-25T20:14:18","modified_gmt":"2020-05-25T19:14:18","slug":"page-d-exemple","status":"publish","type":"page","link":"https:\/\/etival.fr\/?page_id=2","title":{"rendered":"Votre mairie"},"content":{"rendered":"<p style=\"text-align: center;\"><a href=\"http:\/\/etival.fr\/wp-content\/uploads\/2014\/09\/IMG_5798.jpg\"><img loading=\"lazy\" decoding=\"async\" class=\"aligncenter size-full wp-image-508\" src=\"http:\/\/etival.fr\/wp-content\/uploads\/2014\/09\/IMG_5798.jpg\" alt=\"IMG_5798\" width=\"900\" height=\"455\" srcset=\"https:\/\/etival.fr\/wp-content\/uploads\/2014\/09\/IMG_5798.jpg 900w, https:\/\/etival.fr\/wp-content\/uploads\/2014\/09\/IMG_5798-300x151.jpg 300w, https:\/\/etival.fr\/wp-content\/uploads\/2014\/09\/IMG_5798-624x315.jpg 624w\" sizes=\"auto, (max-width: 900px) 100vw, 900px\" \/><\/a><\/p>\n<p style=\"text-align: center;\"><span style=\"color: #3366ff;\"><strong>Mairie<\/strong><\/span><br \/>\n4, Rue du Vivier<br \/>\n88480 ETIVAL-CLAIREFONTAINE<\/p>\n<p>A votre disposition du lundi au vendredi de 9h \u00e0 12h et de 14h \u00e0 17h<br \/>\nsamedi de 8h30 \u00e0 11h30.<br \/>\nT\u00e9l\u00e9phone au 03.29.41.29.57 &#8211; Mail \u00e0 communication@sfr.fr<\/p>\n<h5 style=\"text-align: left;\"><span style=\"color: #808000;\">Ou vous allez pouvoir vous renseigner sur :<\/span><\/h5>\n<p style=\"text-align: left;\"><a href=\"?page_id=154\"><span style=\"color: #808000;\"><strong>\u21d2<\/strong><\/span> Les Services Municipaux<\/a><\/p>\n<p><a href=\"\/?page_id=21\"><strong><span style=\"color: #808000;\">\u21d2<\/span><\/strong> Le Conseil Municipal<\/a><\/p>\n<p style=\"text-align: left;\"><span style=\"color: #808000;\"><strong>\u21d2<\/strong><\/span> Les d\u00e9marches administratives<\/p>\n<p style=\"text-align: left;\"><strong><span style=\"color: #808000;\">\u21d2<\/span><\/strong> Le C.C.A.S. (Centre Communal d&rsquo;Action Sociale<\/p>\n<p style=\"text-align: left;\"><strong><span style=\"color: #808000;\">\u21d2<\/span><\/strong> Le Bulletin Municipal \u00ab\u00a0Stiv&rsquo;Infos\u00a0\u00bb<\/p>\n","protected":false},"excerpt":{"rendered":"<p>Mairie 4, Rue du Vivier 88480 ETIVAL-CLAIREFONTAINE A votre disposition du lundi au vendredi de 9h \u00e0 12h et de 14h \u00e0 17h samedi de 8h30 \u00e0 11h30. T\u00e9l\u00e9phone au 03.29.41.29.57 &#8211; Mail \u00e0 communication@sfr.fr Ou vous allez pouvoir vous renseigner sur : \u21d2 Les Services Municipaux \u21d2 Le Conseil Municipal \u21d2 Les d\u00e9marches administratives [&hellip;]<\/p>\n","protected":false},"author":1,"featured_media":0,"parent":0,"menu_order":0,"comment_status":"closed","ping_status":"open","template":"","meta":{"footnotes":""},"class_list":["post-2","page","type-page","status-publish","hentry"],"yoast_head":"<!-- This site is optimized with the Yoast SEO plugin v26.8 - https:\/\/yoast.com\/product\/yoast-seo-wordpress\/ -->\n<title>Votre mairie - Etival-Clairefontaine<\/title>\n<meta name=\"robots\" content=\"index, follow, max-snippet:-1, max-image-preview:large, max-video-preview:-1\" \/>\n<link rel=\"canonical\" href=\"https:\/\/etival.fr\/?page_id=2\" \/>\n<meta property=\"og:locale\" content=\"fr_FR\" \/>\n<meta property=\"og:type\" content=\"article\" \/>\n<meta property=\"og:title\" content=\"Votre mairie - Etival-Clairefontaine\" \/>\n<meta property=\"og:description\" content=\"Mairie 4, Rue du Vivier 88480 ETIVAL-CLAIREFONTAINE A votre disposition du lundi au vendredi de 9h \u00e0 12h et de 14h \u00e0 17h samedi de 8h30 \u00e0 11h30. T\u00e9l\u00e9phone au 03.29.41.29.57 &#8211; Mail \u00e0 communication@sfr.fr Ou vous allez pouvoir vous renseigner sur : \u21d2 Les Services Municipaux \u21d2 Le Conseil Municipal \u21d2 Les d\u00e9marches administratives [&hellip;]\" \/>\n<meta property=\"og:url\" content=\"https:\/\/etival.fr\/?page_id=2\" \/>\n<meta property=\"og:site_name\" content=\"Etival-Clairefontaine\" \/>\n<meta property=\"article:modified_time\" content=\"2020-05-25T19:14:18+00:00\" \/>\n<meta property=\"og:image\" content=\"http:\/\/etival.fr\/wp-content\/uploads\/2014\/09\/IMG_5798.jpg\" \/>\n<meta name=\"twitter:card\" content=\"summary_large_image\" \/>\n<script type=\"application\/ld+json\" class=\"yoast-schema-graph\">{\"@context\":\"https:\/\/schema.org\",\"@graph\":[{\"@type\":\"WebPage\",\"@id\":\"https:\/\/etival.fr\/?page_id=2\",\"url\":\"https:\/\/etival.fr\/?page_id=2\",\"name\":\"Votre mairie - Etival-Clairefontaine\",\"isPartOf\":{\"@id\":\"https:\/\/etival.fr\/#website\"},\"primaryImageOfPage\":{\"@id\":\"https:\/\/etival.fr\/?page_id=2#primaryimage\"},\"image\":{\"@id\":\"https:\/\/etival.fr\/?page_id=2#primaryimage\"},\"thumbnailUrl\":\"http:\/\/etival.fr\/wp-content\/uploads\/2014\/09\/IMG_5798.jpg\",\"datePublished\":\"2014-07-14T11:07:57+00:00\",\"dateModified\":\"2020-05-25T19:14:18+00:00\",\"breadcrumb\":{\"@id\":\"https:\/\/etival.fr\/?page_id=2#breadcrumb\"},\"inLanguage\":\"fr-FR\",\"potentialAction\":[{\"@type\":\"ReadAction\",\"target\":[\"https:\/\/etival.fr\/?page_id=2\"]}]},{\"@type\":\"ImageObject\",\"inLanguage\":\"fr-FR\",\"@id\":\"https:\/\/etival.fr\/?page_id=2#primaryimage\",\"url\":\"http:\/\/etival.fr\/wp-content\/uploads\/2014\/09\/IMG_5798.jpg\",\"contentUrl\":\"http:\/\/etival.fr\/wp-content\/uploads\/2014\/09\/IMG_5798.jpg\"},{\"@type\":\"BreadcrumbList\",\"@id\":\"https:\/\/etival.fr\/?page_id=2#breadcrumb\",\"itemListElement\":[{\"@type\":\"ListItem\",\"position\":1,\"name\":\"Accueil\",\"item\":\"https:\/\/etival.fr\/\"},{\"@type\":\"ListItem\",\"position\":2,\"name\":\"Votre mairie\"}]},{\"@type\":\"WebSite\",\"@id\":\"https:\/\/etival.fr\/#website\",\"url\":\"https:\/\/etival.fr\/\",\"name\":\"Etival-Clairefontaine\",\"description\":\"Informations et actualit\u00e9s de la commune\",\"potentialAction\":[{\"@type\":\"SearchAction\",\"target\":{\"@type\":\"EntryPoint\",\"urlTemplate\":\"https:\/\/etival.fr\/?s={search_term_string}\"},\"query-input\":{\"@type\":\"PropertyValueSpecification\",\"valueRequired\":true,\"valueName\":\"search_term_string\"}}],\"inLanguage\":\"fr-FR\"}]}<\/script>\n<!-- \/ Yoast SEO plugin. -->","yoast_head_json":{"title":"Votre mairie - Etival-Clairefontaine","robots":{"index":"index","follow":"follow","max-snippet":"max-snippet:-1","max-image-preview":"max-image-preview:large","max-video-preview":"max-video-preview:-1"},"canonical":"https:\/\/etival.fr\/?page_id=2","og_locale":"fr_FR","og_type":"article","og_title":"Votre mairie - Etival-Clairefontaine","og_description":"Mairie 4, Rue du Vivier 88480 ETIVAL-CLAIREFONTAINE A votre disposition du lundi au vendredi de 9h \u00e0 12h et de 14h \u00e0 17h samedi de 8h30 \u00e0 11h30. T\u00e9l\u00e9phone au 03.29.41.29.57 &#8211; Mail \u00e0 communication@sfr.fr Ou vous allez pouvoir vous renseigner sur : \u21d2 Les Services Municipaux \u21d2 Le Conseil Municipal \u21d2 Les d\u00e9marches administratives [&hellip;]","og_url":"https:\/\/etival.fr\/?page_id=2","og_site_name":"Etival-Clairefontaine","article_modified_time":"2020-05-25T19:14:18+00:00","og_image":[{"url":"http:\/\/etival.fr\/wp-content\/uploads\/2014\/09\/IMG_5798.jpg","type":"","width":"","height":""}],"twitter_card":"summary_large_image","schema":{"@context":"https:\/\/schema.org","@graph":[{"@type":"WebPage","@id":"https:\/\/etival.fr\/?page_id=2","url":"https:\/\/etival.fr\/?page_id=2","name":"Votre mairie - Etival-Clairefontaine","isPartOf":{"@id":"https:\/\/etival.fr\/#website"},"primaryImageOfPage":{"@id":"https:\/\/etival.fr\/?page_id=2#primaryimage"},"image":{"@id":"https:\/\/etival.fr\/?page_id=2#primaryimage"},"thumbnailUrl":"http:\/\/etival.fr\/wp-content\/uploads\/2014\/09\/IMG_5798.jpg","datePublished":"2014-07-14T11:07:57+00:00","dateModified":"2020-05-25T19:14:18+00:00","breadcrumb":{"@id":"https:\/\/etival.fr\/?page_id=2#breadcrumb"},"inLanguage":"fr-FR","potentialAction":[{"@type":"ReadAction","target":["https:\/\/etival.fr\/?page_id=2"]}]},{"@type":"ImageObject","inLanguage":"fr-FR","@id":"https:\/\/etival.fr\/?page_id=2#primaryimage","url":"http:\/\/etival.fr\/wp-content\/uploads\/2014\/09\/IMG_5798.jpg","contentUrl":"http:\/\/etival.fr\/wp-content\/uploads\/2014\/09\/IMG_5798.jpg"},{"@type":"BreadcrumbList","@id":"https:\/\/etival.fr\/?page_id=2#breadcrumb","itemListElement":[{"@type":"ListItem","position":1,"name":"Accueil","item":"https:\/\/etival.fr\/"},{"@type":"ListItem","position":2,"name":"Votre mairie"}]},{"@type":"WebSite","@id":"https:\/\/etival.fr\/#website","url":"https:\/\/etival.fr\/","name":"Etival-Clairefontaine","description":"Informations et actualit\u00e9s de la commune","potentialAction":[{"@type":"SearchAction","target":{"@type":"EntryPoint","urlTemplate":"https:\/\/etival.fr\/?s={search_term_string}"},"query-input":{"@type":"PropertyValueSpecification","valueRequired":true,"valueName":"search_term_string"}}],"inLanguage":"fr-FR"}]}},"_links":{"self":[{"href":"https:\/\/etival.fr\/index.php?rest_route=\/wp\/v2\/pages\/2","targetHints":{"allow":["GET"]}}],"collection":[{"href":"https:\/\/etival.fr\/index.php?rest_route=\/wp\/v2\/pages"}],"about":[{"href":"https:\/\/etival.fr\/index.php?rest_route=\/wp\/v2\/types\/page"}],"author":[{"embeddable":true,"href":"https:\/\/etival.fr\/index.php?rest_route=\/wp\/v2\/users\/1"}],"replies":[{"embeddable":true,"href":"https:\/\/etival.fr\/index.php?rest_route=%2Fwp%2Fv2%2Fcomments&post=2"}],"version-history":[{"count":31,"href":"https:\/\/etival.fr\/index.php?rest_route=\/wp\/v2\/pages\/2\/revisions"}],"predecessor-version":[{"id":8372,"href":"https:\/\/etival.fr\/index.php?rest_route=\/wp\/v2\/pages\/2\/revisions\/8372"}],"wp:attachment":[{"href":"https:\/\/etival.fr\/index.php?rest_route=%2Fwp%2Fv2%2Fmedia&parent=2"}],"curies":[{"name":"wp","href":"https:\/\/api.w.org\/{rel}","templated":true}]}}