{"id":21,"date":"2014-07-14T18:27:40","date_gmt":"2014-07-14T17:27:40","guid":{"rendered":"http:\/\/etival.fr\/?page_id=21"},"modified":"2026-03-26T11:06:13","modified_gmt":"2026-03-26T10:06:13","slug":"conseil-municipal","status":"publish","type":"page","link":"https:\/\/etival.fr\/?page_id=21","title":{"rendered":"Conseil municipal"},"content":{"rendered":"\n<figure class=\"wp-block-image size-large\"><a href=\"https:\/\/etival.fr\/wp-content\/uploads\/2026\/03\/DSC_4353-1-scaled.jpg\"><img loading=\"lazy\" decoding=\"async\" width=\"879\" height=\"1024\" src=\"https:\/\/etival.fr\/wp-content\/uploads\/2026\/03\/DSC_4353-1-879x1024.jpg\" alt=\"\" class=\"wp-image-13621\" srcset=\"https:\/\/etival.fr\/wp-content\/uploads\/2026\/03\/DSC_4353-1-879x1024.jpg 879w, https:\/\/etival.fr\/wp-content\/uploads\/2026\/03\/DSC_4353-1-258x300.jpg 258w, https:\/\/etival.fr\/wp-content\/uploads\/2026\/03\/DSC_4353-1-768x894.jpg 768w, https:\/\/etival.fr\/wp-content\/uploads\/2026\/03\/DSC_4353-1-1319x1536.jpg 1319w, https:\/\/etival.fr\/wp-content\/uploads\/2026\/03\/DSC_4353-1-1759x2048.jpg 1759w, https:\/\/etival.fr\/wp-content\/uploads\/2026\/03\/DSC_4353-1-624x727.jpg 624w\" sizes=\"auto, (max-width: 879px) 100vw, 879px\" \/><\/a><\/figure>\n\n\n\n<p class=\"has-text-align-center\"><strong>Maire<\/strong><br>Aur\u00e9lien BANSEPT<\/p>\n\n\n\n<figure class=\"wp-block-image size-large\"><a href=\"https:\/\/etival.fr\/wp-content\/uploads\/2026\/03\/DSC_4329-1-scaled.jpg\"><img loading=\"lazy\" decoding=\"async\" width=\"796\" height=\"1024\" src=\"https:\/\/etival.fr\/wp-content\/uploads\/2026\/03\/DSC_4329-1-796x1024.jpg\" alt=\"\" class=\"wp-image-13612\" srcset=\"https:\/\/etival.fr\/wp-content\/uploads\/2026\/03\/DSC_4329-1-796x1024.jpg 796w, https:\/\/etival.fr\/wp-content\/uploads\/2026\/03\/DSC_4329-1-233x300.jpg 233w, https:\/\/etival.fr\/wp-content\/uploads\/2026\/03\/DSC_4329-1-768x988.jpg 768w, https:\/\/etival.fr\/wp-content\/uploads\/2026\/03\/DSC_4329-1-1194x1536.jpg 1194w, https:\/\/etival.fr\/wp-content\/uploads\/2026\/03\/DSC_4329-1-1592x2048.jpg 1592w, https:\/\/etival.fr\/wp-content\/uploads\/2026\/03\/DSC_4329-1-624x803.jpg 624w, https:\/\/etival.fr\/wp-content\/uploads\/2026\/03\/DSC_4329-1-scaled.jpg 1990w\" sizes=\"auto, (max-width: 796px) 100vw, 796px\" \/><\/a><\/figure>\n\n\n\n<p class=\"has-text-align-center\"><strong>1\u00e8re Adjointe<\/strong><br>St\u00e9phanie FERRY<\/p>\n\n\n\n<figure class=\"wp-block-image size-large\"><a href=\"https:\/\/etival.fr\/wp-content\/uploads\/2026\/03\/DSC_4322-scaled.jpg\"><img loading=\"lazy\" decoding=\"async\" width=\"955\" height=\"1024\" src=\"https:\/\/etival.fr\/wp-content\/uploads\/2026\/03\/DSC_4322-955x1024.jpg\" alt=\"\" class=\"wp-image-13609\" srcset=\"https:\/\/etival.fr\/wp-content\/uploads\/2026\/03\/DSC_4322-955x1024.jpg 955w, https:\/\/etival.fr\/wp-content\/uploads\/2026\/03\/DSC_4322-280x300.jpg 280w, https:\/\/etival.fr\/wp-content\/uploads\/2026\/03\/DSC_4322-768x823.jpg 768w, https:\/\/etival.fr\/wp-content\/uploads\/2026\/03\/DSC_4322-1433x1536.jpg 1433w, https:\/\/etival.fr\/wp-content\/uploads\/2026\/03\/DSC_4322-1911x2048.jpg 1911w, https:\/\/etival.fr\/wp-content\/uploads\/2026\/03\/DSC_4322-624x669.jpg 624w\" sizes=\"auto, (max-width: 955px) 100vw, 955px\" \/><\/a><\/figure>\n\n\n\n<p class=\"has-text-align-center\"><strong>2\u00e8me Adjoint<\/strong><br>Thierry VOIGNIER<br><em>Travaux, Voirie, Am\u00e9nagement<\/em><\/p>\n\n\n\n<figure class=\"wp-block-image size-large\"><a href=\"https:\/\/etival.fr\/wp-content\/uploads\/2026\/03\/DSC_4345-2-4-scaled.jpg\"><img loading=\"lazy\" decoding=\"async\" width=\"780\" height=\"1024\" src=\"https:\/\/etival.fr\/wp-content\/uploads\/2026\/03\/DSC_4345-2-4-780x1024.jpg\" alt=\"\" class=\"wp-image-13618\" srcset=\"https:\/\/etival.fr\/wp-content\/uploads\/2026\/03\/DSC_4345-2-4-780x1024.jpg 780w, https:\/\/etival.fr\/wp-content\/uploads\/2026\/03\/DSC_4345-2-4-228x300.jpg 228w, https:\/\/etival.fr\/wp-content\/uploads\/2026\/03\/DSC_4345-2-4-768x1009.jpg 768w, https:\/\/etival.fr\/wp-content\/uploads\/2026\/03\/DSC_4345-2-4-1169x1536.jpg 1169w, https:\/\/etival.fr\/wp-content\/uploads\/2026\/03\/DSC_4345-2-4-1559x2048.jpg 1559w, https:\/\/etival.fr\/wp-content\/uploads\/2026\/03\/DSC_4345-2-4-624x820.jpg 624w, https:\/\/etival.fr\/wp-content\/uploads\/2026\/03\/DSC_4345-2-4-scaled.jpg 1949w\" sizes=\"auto, (max-width: 780px) 100vw, 780px\" \/><\/a><\/figure>\n\n\n\n<p class=\"has-text-align-center\"><strong>3\u00e8me Adjointe<\/strong><br>G\u00e9raldine THIRIET<\/p>\n\n\n\n<figure class=\"wp-block-image size-large\"><a href=\"https:\/\/etival.fr\/wp-content\/uploads\/2026\/03\/DSC_4359-scaled.jpg\"><img loading=\"lazy\" decoding=\"async\" width=\"802\" height=\"1024\" src=\"https:\/\/etival.fr\/wp-content\/uploads\/2026\/03\/DSC_4359-802x1024.jpg\" alt=\"\" class=\"wp-image-13623\" srcset=\"https:\/\/etival.fr\/wp-content\/uploads\/2026\/03\/DSC_4359-802x1024.jpg 802w, https:\/\/etival.fr\/wp-content\/uploads\/2026\/03\/DSC_4359-235x300.jpg 235w, https:\/\/etival.fr\/wp-content\/uploads\/2026\/03\/DSC_4359-768x980.jpg 768w, https:\/\/etival.fr\/wp-content\/uploads\/2026\/03\/DSC_4359-1203x1536.jpg 1203w, https:\/\/etival.fr\/wp-content\/uploads\/2026\/03\/DSC_4359-1604x2048.jpg 1604w, https:\/\/etival.fr\/wp-content\/uploads\/2026\/03\/DSC_4359-624x797.jpg 624w, https:\/\/etival.fr\/wp-content\/uploads\/2026\/03\/DSC_4359-scaled.jpg 2005w\" sizes=\"auto, (max-width: 802px) 100vw, 802px\" \/><\/a><\/figure>\n\n\n\n<p class=\"has-text-align-center\"><strong>4\u00e8me Adjoint<\/strong><br>Christophe BERNASCONI<\/p>\n\n\n\n<figure class=\"wp-block-image size-large\"><a href=\"https:\/\/etival.fr\/wp-content\/uploads\/2026\/03\/DSC_4314-scaled.jpg\"><img loading=\"lazy\" decoding=\"async\" width=\"759\" height=\"1024\" src=\"https:\/\/etival.fr\/wp-content\/uploads\/2026\/03\/DSC_4314-759x1024.jpg\" alt=\"\" class=\"wp-image-13606\" srcset=\"https:\/\/etival.fr\/wp-content\/uploads\/2026\/03\/DSC_4314-759x1024.jpg 759w, https:\/\/etival.fr\/wp-content\/uploads\/2026\/03\/DSC_4314-222x300.jpg 222w, https:\/\/etival.fr\/wp-content\/uploads\/2026\/03\/DSC_4314-768x1036.jpg 768w, https:\/\/etival.fr\/wp-content\/uploads\/2026\/03\/DSC_4314-1139x1536.jpg 1139w, https:\/\/etival.fr\/wp-content\/uploads\/2026\/03\/DSC_4314-1518x2048.jpg 1518w, https:\/\/etival.fr\/wp-content\/uploads\/2026\/03\/DSC_4314-624x842.jpg 624w, https:\/\/etival.fr\/wp-content\/uploads\/2026\/03\/DSC_4314-scaled.jpg 1898w\" sizes=\"auto, (max-width: 759px) 100vw, 759px\" \/><\/a><\/figure>\n\n\n\n<p class=\"has-text-align-center\">Fran\u00e7oise DEMENGE<\/p>\n\n\n\n<figure class=\"wp-block-image size-large\"><a href=\"https:\/\/etival.fr\/wp-content\/uploads\/2026\/03\/DSC_4341-4-scaled.jpg\"><img loading=\"lazy\" decoding=\"async\" width=\"683\" height=\"1024\" src=\"https:\/\/etival.fr\/wp-content\/uploads\/2026\/03\/DSC_4341-4-683x1024.jpg\" alt=\"\" class=\"wp-image-13617\" srcset=\"https:\/\/etival.fr\/wp-content\/uploads\/2026\/03\/DSC_4341-4-683x1024.jpg 683w, https:\/\/etival.fr\/wp-content\/uploads\/2026\/03\/DSC_4341-4-200x300.jpg 200w, https:\/\/etival.fr\/wp-content\/uploads\/2026\/03\/DSC_4341-4-768x1152.jpg 768w, https:\/\/etival.fr\/wp-content\/uploads\/2026\/03\/DSC_4341-4-1024x1536.jpg 1024w, https:\/\/etival.fr\/wp-content\/uploads\/2026\/03\/DSC_4341-4-1365x2048.jpg 1365w, https:\/\/etival.fr\/wp-content\/uploads\/2026\/03\/DSC_4341-4-624x936.jpg 624w, https:\/\/etival.fr\/wp-content\/uploads\/2026\/03\/DSC_4341-4-scaled.jpg 1706w\" sizes=\"auto, (max-width: 683px) 100vw, 683px\" \/><\/a><\/figure>\n\n\n\n<p class=\"has-text-align-center\">William MATHIEU<\/p>\n\n\n\n<figure class=\"wp-block-image size-large\"><a href=\"https:\/\/etival.fr\/wp-content\/uploads\/2026\/03\/DSC_4332-scaled.jpg\"><img loading=\"lazy\" decoding=\"async\" width=\"766\" height=\"1024\" src=\"https:\/\/etival.fr\/wp-content\/uploads\/2026\/03\/DSC_4332-766x1024.jpg\" alt=\"\" class=\"wp-image-13614\" srcset=\"https:\/\/etival.fr\/wp-content\/uploads\/2026\/03\/DSC_4332-766x1024.jpg 766w, https:\/\/etival.fr\/wp-content\/uploads\/2026\/03\/DSC_4332-224x300.jpg 224w, https:\/\/etival.fr\/wp-content\/uploads\/2026\/03\/DSC_4332-768x1027.jpg 768w, https:\/\/etival.fr\/wp-content\/uploads\/2026\/03\/DSC_4332-1149x1536.jpg 1149w, https:\/\/etival.fr\/wp-content\/uploads\/2026\/03\/DSC_4332-1532x2048.jpg 1532w, https:\/\/etival.fr\/wp-content\/uploads\/2026\/03\/DSC_4332-624x834.jpg 624w, https:\/\/etival.fr\/wp-content\/uploads\/2026\/03\/DSC_4332-scaled.jpg 1915w\" sizes=\"auto, (max-width: 766px) 100vw, 766px\" \/><\/a><\/figure>\n\n\n\n<p class=\"has-text-align-center\">Nadine FRESSE<\/p>\n\n\n\n<figure class=\"wp-block-image size-large\"><a href=\"https:\/\/etival.fr\/wp-content\/uploads\/2026\/03\/DSC_4356-scaled.jpg\"><img loading=\"lazy\" decoding=\"async\" width=\"833\" height=\"1024\" src=\"https:\/\/etival.fr\/wp-content\/uploads\/2026\/03\/DSC_4356-833x1024.jpg\" alt=\"\" class=\"wp-image-13622\" srcset=\"https:\/\/etival.fr\/wp-content\/uploads\/2026\/03\/DSC_4356-833x1024.jpg 833w, https:\/\/etival.fr\/wp-content\/uploads\/2026\/03\/DSC_4356-244x300.jpg 244w, https:\/\/etival.fr\/wp-content\/uploads\/2026\/03\/DSC_4356-768x944.jpg 768w, https:\/\/etival.fr\/wp-content\/uploads\/2026\/03\/DSC_4356-1250x1536.jpg 1250w, https:\/\/etival.fr\/wp-content\/uploads\/2026\/03\/DSC_4356-1666x2048.jpg 1666w, https:\/\/etival.fr\/wp-content\/uploads\/2026\/03\/DSC_4356-624x767.jpg 624w\" sizes=\"auto, (max-width: 833px) 100vw, 833px\" \/><\/a><\/figure>\n\n\n\n<p class=\"has-text-align-center\">Alban SCHWENTZER<\/p>\n\n\n\n<figure class=\"wp-block-image size-large\"><a href=\"https:\/\/etival.fr\/wp-content\/uploads\/2026\/03\/DSC_4337-scaled.jpg\"><img loading=\"lazy\" decoding=\"async\" width=\"683\" height=\"1024\" src=\"https:\/\/etival.fr\/wp-content\/uploads\/2026\/03\/DSC_4337-683x1024.jpg\" alt=\"\" class=\"wp-image-13615\" srcset=\"https:\/\/etival.fr\/wp-content\/uploads\/2026\/03\/DSC_4337-683x1024.jpg 683w, https:\/\/etival.fr\/wp-content\/uploads\/2026\/03\/DSC_4337-200x300.jpg 200w, https:\/\/etival.fr\/wp-content\/uploads\/2026\/03\/DSC_4337-768x1152.jpg 768w, https:\/\/etival.fr\/wp-content\/uploads\/2026\/03\/DSC_4337-1024x1536.jpg 1024w, https:\/\/etival.fr\/wp-content\/uploads\/2026\/03\/DSC_4337-1365x2048.jpg 1365w, https:\/\/etival.fr\/wp-content\/uploads\/2026\/03\/DSC_4337-624x936.jpg 624w, https:\/\/etival.fr\/wp-content\/uploads\/2026\/03\/DSC_4337-scaled.jpg 1707w\" sizes=\"auto, (max-width: 683px) 100vw, 683px\" \/><\/a><\/figure>\n\n\n\n<p class=\"has-text-align-center\">F\u00e9licia VOGELWEITH<\/p>\n\n\n\n<figure class=\"wp-block-image size-large\"><a href=\"https:\/\/etival.fr\/wp-content\/uploads\/2026\/03\/DSC_4330-1-scaled.jpg\"><img loading=\"lazy\" decoding=\"async\" width=\"810\" height=\"1024\" src=\"https:\/\/etival.fr\/wp-content\/uploads\/2026\/03\/DSC_4330-1-810x1024.jpg\" alt=\"\" class=\"wp-image-13613\" srcset=\"https:\/\/etival.fr\/wp-content\/uploads\/2026\/03\/DSC_4330-1-810x1024.jpg 810w, https:\/\/etival.fr\/wp-content\/uploads\/2026\/03\/DSC_4330-1-237x300.jpg 237w, https:\/\/etival.fr\/wp-content\/uploads\/2026\/03\/DSC_4330-1-768x971.jpg 768w, https:\/\/etival.fr\/wp-content\/uploads\/2026\/03\/DSC_4330-1-1215x1536.jpg 1215w, https:\/\/etival.fr\/wp-content\/uploads\/2026\/03\/DSC_4330-1-1620x2048.jpg 1620w, https:\/\/etival.fr\/wp-content\/uploads\/2026\/03\/DSC_4330-1-624x789.jpg 624w, https:\/\/etival.fr\/wp-content\/uploads\/2026\/03\/DSC_4330-1-scaled.jpg 2025w\" sizes=\"auto, (max-width: 810px) 100vw, 810px\" \/><\/a><\/figure>\n\n\n\n<p class=\"has-text-align-center\">Christophe BRUSSEAUX<\/p>\n\n\n\n<figure class=\"wp-block-image size-large\"><a href=\"https:\/\/etival.fr\/wp-content\/uploads\/2026\/03\/DSC_4347-scaled.jpg\"><img loading=\"lazy\" decoding=\"async\" width=\"713\" height=\"1024\" src=\"https:\/\/etival.fr\/wp-content\/uploads\/2026\/03\/DSC_4347-713x1024.jpg\" alt=\"\" class=\"wp-image-13619\" srcset=\"https:\/\/etival.fr\/wp-content\/uploads\/2026\/03\/DSC_4347-713x1024.jpg 713w, https:\/\/etival.fr\/wp-content\/uploads\/2026\/03\/DSC_4347-209x300.jpg 209w, https:\/\/etival.fr\/wp-content\/uploads\/2026\/03\/DSC_4347-768x1104.jpg 768w, https:\/\/etival.fr\/wp-content\/uploads\/2026\/03\/DSC_4347-1069x1536.jpg 1069w, https:\/\/etival.fr\/wp-content\/uploads\/2026\/03\/DSC_4347-1425x2048.jpg 1425w, https:\/\/etival.fr\/wp-content\/uploads\/2026\/03\/DSC_4347-624x897.jpg 624w, https:\/\/etival.fr\/wp-content\/uploads\/2026\/03\/DSC_4347-scaled.jpg 1781w\" sizes=\"auto, (max-width: 713px) 100vw, 713px\" \/><\/a><\/figure>\n\n\n\n<p class=\"has-text-align-center\">Aurore LOCATELLI<\/p>\n\n\n\n<figure class=\"wp-block-image size-large\"><a href=\"https:\/\/etival.fr\/wp-content\/uploads\/2026\/03\/DSC_4317-scaled.jpg\"><img loading=\"lazy\" decoding=\"async\" width=\"899\" height=\"1024\" src=\"https:\/\/etival.fr\/wp-content\/uploads\/2026\/03\/DSC_4317-899x1024.jpg\" alt=\"\" class=\"wp-image-13607\" srcset=\"https:\/\/etival.fr\/wp-content\/uploads\/2026\/03\/DSC_4317-899x1024.jpg 899w, https:\/\/etival.fr\/wp-content\/uploads\/2026\/03\/DSC_4317-263x300.jpg 263w, https:\/\/etival.fr\/wp-content\/uploads\/2026\/03\/DSC_4317-768x875.jpg 768w, https:\/\/etival.fr\/wp-content\/uploads\/2026\/03\/DSC_4317-1349x1536.jpg 1349w, https:\/\/etival.fr\/wp-content\/uploads\/2026\/03\/DSC_4317-1798x2048.jpg 1798w, https:\/\/etival.fr\/wp-content\/uploads\/2026\/03\/DSC_4317-624x711.jpg 624w\" sizes=\"auto, (max-width: 899px) 100vw, 899px\" \/><\/a><\/figure>\n\n\n\n<p class=\"has-text-align-center\">Serge FAYS<\/p>\n\n\n\n<figure class=\"wp-block-image size-large\"><a href=\"https:\/\/etival.fr\/wp-content\/uploads\/2026\/03\/DSC_4326-1-scaled.jpg\"><img loading=\"lazy\" decoding=\"async\" width=\"784\" height=\"1024\" src=\"https:\/\/etival.fr\/wp-content\/uploads\/2026\/03\/DSC_4326-1-784x1024.jpg\" alt=\"\" class=\"wp-image-13611\" srcset=\"https:\/\/etival.fr\/wp-content\/uploads\/2026\/03\/DSC_4326-1-784x1024.jpg 784w, https:\/\/etival.fr\/wp-content\/uploads\/2026\/03\/DSC_4326-1-230x300.jpg 230w, https:\/\/etival.fr\/wp-content\/uploads\/2026\/03\/DSC_4326-1-768x1003.jpg 768w, https:\/\/etival.fr\/wp-content\/uploads\/2026\/03\/DSC_4326-1-1177x1536.jpg 1177w, https:\/\/etival.fr\/wp-content\/uploads\/2026\/03\/DSC_4326-1-1569x2048.jpg 1569w, https:\/\/etival.fr\/wp-content\/uploads\/2026\/03\/DSC_4326-1-624x815.jpg 624w, https:\/\/etival.fr\/wp-content\/uploads\/2026\/03\/DSC_4326-1-scaled.jpg 1961w\" sizes=\"auto, (max-width: 784px) 100vw, 784px\" \/><\/a><\/figure>\n\n\n\n<p class=\"has-text-align-center\">Perrine CANET<\/p>\n\n\n\n<figure class=\"wp-block-image size-large\"><a href=\"https:\/\/etival.fr\/wp-content\/uploads\/2026\/03\/DSC_4324-1-scaled.jpg\"><img loading=\"lazy\" decoding=\"async\" width=\"774\" height=\"1024\" src=\"https:\/\/etival.fr\/wp-content\/uploads\/2026\/03\/DSC_4324-1-774x1024.jpg\" alt=\"\" class=\"wp-image-13610\" srcset=\"https:\/\/etival.fr\/wp-content\/uploads\/2026\/03\/DSC_4324-1-774x1024.jpg 774w, https:\/\/etival.fr\/wp-content\/uploads\/2026\/03\/DSC_4324-1-227x300.jpg 227w, https:\/\/etival.fr\/wp-content\/uploads\/2026\/03\/DSC_4324-1-768x1016.jpg 768w, https:\/\/etival.fr\/wp-content\/uploads\/2026\/03\/DSC_4324-1-1161x1536.jpg 1161w, https:\/\/etival.fr\/wp-content\/uploads\/2026\/03\/DSC_4324-1-1548x2048.jpg 1548w, https:\/\/etival.fr\/wp-content\/uploads\/2026\/03\/DSC_4324-1-624x825.jpg 624w, https:\/\/etival.fr\/wp-content\/uploads\/2026\/03\/DSC_4324-1-scaled.jpg 1935w\" sizes=\"auto, (max-width: 774px) 100vw, 774px\" \/><\/a><\/figure>\n\n\n\n<p class=\"has-text-align-center\">Jean-Yves BOITTE<\/p>\n\n\n\n<figure class=\"wp-block-image size-large\"><a href=\"https:\/\/etival.fr\/wp-content\/uploads\/2026\/03\/DSC_4338-scaled.jpg\"><img loading=\"lazy\" decoding=\"async\" width=\"742\" height=\"1024\" src=\"https:\/\/etival.fr\/wp-content\/uploads\/2026\/03\/DSC_4338-742x1024.jpg\" alt=\"\" class=\"wp-image-13616\" srcset=\"https:\/\/etival.fr\/wp-content\/uploads\/2026\/03\/DSC_4338-742x1024.jpg 742w, https:\/\/etival.fr\/wp-content\/uploads\/2026\/03\/DSC_4338-217x300.jpg 217w, https:\/\/etival.fr\/wp-content\/uploads\/2026\/03\/DSC_4338-768x1060.jpg 768w, https:\/\/etival.fr\/wp-content\/uploads\/2026\/03\/DSC_4338-1113x1536.jpg 1113w, https:\/\/etival.fr\/wp-content\/uploads\/2026\/03\/DSC_4338-1485x2048.jpg 1485w, https:\/\/etival.fr\/wp-content\/uploads\/2026\/03\/DSC_4338-624x861.jpg 624w, https:\/\/etival.fr\/wp-content\/uploads\/2026\/03\/DSC_4338-scaled.jpg 1856w\" sizes=\"auto, (max-width: 742px) 100vw, 742px\" \/><\/a><\/figure>\n\n\n\n<p class=\"has-text-align-center\">C\u00e9line DURANT<\/p>\n\n\n\n<figure class=\"wp-block-image size-large\"><a href=\"https:\/\/etival.fr\/wp-content\/uploads\/2026\/03\/DSC_4349-scaled.jpg\"><img loading=\"lazy\" decoding=\"async\" width=\"831\" height=\"1024\" src=\"https:\/\/etival.fr\/wp-content\/uploads\/2026\/03\/DSC_4349-831x1024.jpg\" alt=\"\" class=\"wp-image-13620\" srcset=\"https:\/\/etival.fr\/wp-content\/uploads\/2026\/03\/DSC_4349-831x1024.jpg 831w, https:\/\/etival.fr\/wp-content\/uploads\/2026\/03\/DSC_4349-243x300.jpg 243w, https:\/\/etival.fr\/wp-content\/uploads\/2026\/03\/DSC_4349-768x946.jpg 768w, https:\/\/etival.fr\/wp-content\/uploads\/2026\/03\/DSC_4349-1247x1536.jpg 1247w, https:\/\/etival.fr\/wp-content\/uploads\/2026\/03\/DSC_4349-1662x2048.jpg 1662w, https:\/\/etival.fr\/wp-content\/uploads\/2026\/03\/DSC_4349-624x769.jpg 624w\" sizes=\"auto, (max-width: 831px) 100vw, 831px\" \/><\/a><\/figure>\n\n\n\n<p class=\"has-text-align-center\">Jean GRANDPR\u00c9<\/p>\n\n\n\n<figure class=\"wp-block-image size-large\"><a href=\"https:\/\/etival.fr\/wp-content\/uploads\/2026\/03\/IMG_2682-scaled.jpeg\"><img loading=\"lazy\" decoding=\"async\" width=\"768\" height=\"1024\" src=\"https:\/\/etival.fr\/wp-content\/uploads\/2026\/03\/IMG_2682-768x1024.jpeg\" alt=\"\" class=\"wp-image-13605\" srcset=\"https:\/\/etival.fr\/wp-content\/uploads\/2026\/03\/IMG_2682-768x1024.jpeg 768w, https:\/\/etival.fr\/wp-content\/uploads\/2026\/03\/IMG_2682-225x300.jpeg 225w, https:\/\/etival.fr\/wp-content\/uploads\/2026\/03\/IMG_2682-1152x1536.jpeg 1152w, https:\/\/etival.fr\/wp-content\/uploads\/2026\/03\/IMG_2682-1536x2048.jpeg 1536w, https:\/\/etival.fr\/wp-content\/uploads\/2026\/03\/IMG_2682-624x832.jpeg 624w, https:\/\/etival.fr\/wp-content\/uploads\/2026\/03\/IMG_2682-scaled.jpeg 1920w\" sizes=\"auto, (max-width: 768px) 100vw, 768px\" \/><\/a><\/figure>\n\n\n\n<p class=\"has-text-align-center\">Sylvie FEBVET<\/p>\n\n\n\n<figure class=\"wp-block-image size-large\"><a href=\"https:\/\/etival.fr\/wp-content\/uploads\/2026\/03\/DSC_4319-1-scaled.jpg\"><img loading=\"lazy\" decoding=\"async\" width=\"834\" height=\"1024\" src=\"https:\/\/etival.fr\/wp-content\/uploads\/2026\/03\/DSC_4319-1-834x1024.jpg\" alt=\"\" class=\"wp-image-13608\" srcset=\"https:\/\/etival.fr\/wp-content\/uploads\/2026\/03\/DSC_4319-1-834x1024.jpg 834w, https:\/\/etival.fr\/wp-content\/uploads\/2026\/03\/DSC_4319-1-244x300.jpg 244w, https:\/\/etival.fr\/wp-content\/uploads\/2026\/03\/DSC_4319-1-768x944.jpg 768w, https:\/\/etival.fr\/wp-content\/uploads\/2026\/03\/DSC_4319-1-1250x1536.jpg 1250w, https:\/\/etival.fr\/wp-content\/uploads\/2026\/03\/DSC_4319-1-1667x2048.jpg 1667w, https:\/\/etival.fr\/wp-content\/uploads\/2026\/03\/DSC_4319-1-624x767.jpg 624w\" sizes=\"auto, (max-width: 834px) 100vw, 834px\" \/><\/a><\/figure>\n\n\n\n<p class=\"has-text-align-center\">Michel THIEBAUT<\/p>\n\n\n\n<p><\/p>\n\n\n\n<p>&#8212;&#8212;&#8212;&#8212;&#8212;&#8212;&#8212;&#8212;&#8212;&#8212;&#8212;&#8212;&#8212;&#8212;&#8212;&#8212;&#8212;&#8212;&#8212;&#8212;&#8212;&#8212;&#8212;&#8212;&#8212;&#8212;&#8212;&#8212;&#8212;&#8212;&#8212;&#8212;&#8212;&#8212;&#8212;&#8212;&#8212;&#8212;&#8212;&#8212;&#8212;&#8212;-<\/p>\n\n\n\n<figure class=\"wp-block-gallery has-nested-images columns-default is-cropped wp-block-gallery-1 is-layout-flex wp-block-gallery-is-layout-flex\">\n<figure class=\"wp-block-image size-large\"><a href=\"https:\/\/etival.fr\/wp-content\/uploads\/2026\/03\/DSC_4373-scaled.jpg\"><img loading=\"lazy\" decoding=\"async\" width=\"879\" height=\"1024\" data-id=\"13625\" src=\"https:\/\/etival.fr\/wp-content\/uploads\/2026\/03\/DSC_4373-879x1024.jpg\" alt=\"\" class=\"wp-image-13625\" srcset=\"https:\/\/etival.fr\/wp-content\/uploads\/2026\/03\/DSC_4373-879x1024.jpg 879w, https:\/\/etival.fr\/wp-content\/uploads\/2026\/03\/DSC_4373-258x300.jpg 258w, https:\/\/etival.fr\/wp-content\/uploads\/2026\/03\/DSC_4373-768x895.jpg 768w, https:\/\/etival.fr\/wp-content\/uploads\/2026\/03\/DSC_4373-1318x1536.jpg 1318w, https:\/\/etival.fr\/wp-content\/uploads\/2026\/03\/DSC_4373-1758x2048.jpg 1758w, https:\/\/etival.fr\/wp-content\/uploads\/2026\/03\/DSC_4373-624x727.jpg 624w\" sizes=\"auto, (max-width: 879px) 100vw, 879px\" \/><\/a><\/figure>\n\n\n\n<figure class=\"wp-block-image size-large\"><a href=\"https:\/\/etival.fr\/wp-content\/uploads\/2026\/03\/DSC_4369-scaled.jpg\"><img loading=\"lazy\" decoding=\"async\" width=\"911\" height=\"1024\" data-id=\"13624\" src=\"https:\/\/etival.fr\/wp-content\/uploads\/2026\/03\/DSC_4369-911x1024.jpg\" alt=\"\" class=\"wp-image-13624\" srcset=\"https:\/\/etival.fr\/wp-content\/uploads\/2026\/03\/DSC_4369-911x1024.jpg 911w, https:\/\/etival.fr\/wp-content\/uploads\/2026\/03\/DSC_4369-267x300.jpg 267w, https:\/\/etival.fr\/wp-content\/uploads\/2026\/03\/DSC_4369-768x863.jpg 768w, https:\/\/etival.fr\/wp-content\/uploads\/2026\/03\/DSC_4369-1367x1536.jpg 1367w, https:\/\/etival.fr\/wp-content\/uploads\/2026\/03\/DSC_4369-1823x2048.jpg 1823w, https:\/\/etival.fr\/wp-content\/uploads\/2026\/03\/DSC_4369-624x701.jpg 624w\" sizes=\"auto, (max-width: 911px) 100vw, 911px\" \/><\/a><\/figure>\n<\/figure>\n\n\n\n<p class=\"has-text-align-center\">Valentine BEDEL                                                     Gabin MICHEL<br><\/p>\n\n\n\n<p class=\"has-text-align-center\"><\/p>\n\n\n\n<p class=\"has-text-align-center\"><\/p>\n\n\n\n<p class=\"has-text-align-center\"><\/p>\n","protected":false},"excerpt":{"rendered":"<p>MaireAur\u00e9lien BANSEPT 1\u00e8re AdjointeSt\u00e9phanie FERRY 2\u00e8me AdjointThierry VOIGNIERTravaux, Voirie, Am\u00e9nagement 3\u00e8me AdjointeG\u00e9raldine THIRIET 4\u00e8me AdjointChristophe BERNASCONI Fran\u00e7oise DEMENGE William MATHIEU Nadine FRESSE Alban SCHWENTZER F\u00e9licia VOGELWEITH Christophe BRUSSEAUX Aurore LOCATELLI Serge FAYS Perrine CANET Jean-Yves BOITTE C\u00e9line DURANT Jean GRANDPR\u00c9 Sylvie FEBVET Michel THIEBAUT &#8212;&#8212;&#8212;&#8212;&#8212;&#8212;&#8212;&#8212;&#8212;&#8212;&#8212;&#8212;&#8212;&#8212;&#8212;&#8212;&#8212;&#8212;&#8212;&#8212;&#8212;&#8212;&#8212;&#8212;&#8212;&#8212;&#8212;&#8212;&#8212;&#8212;&#8212;&#8212;&#8212;&#8212;&#8212;&#8212;&#8212;&#8212;&#8212;&#8212;&#8212;&#8212;- Valentine BEDEL Gabin MICHEL<\/p>\n","protected":false},"author":1,"featured_media":0,"parent":2,"menu_order":0,"comment_status":"closed","ping_status":"open","template":"","meta":{"footnotes":""},"class_list":["post-21","page","type-page","status-publish","hentry"],"yoast_head":"<!-- This site is optimized with the Yoast SEO plugin v26.8 - https:\/\/yoast.com\/product\/yoast-seo-wordpress\/ -->\n<title>Conseil municipal - Etival-Clairefontaine<\/title>\n<meta name=\"robots\" content=\"index, follow, max-snippet:-1, max-image-preview:large, max-video-preview:-1\" \/>\n<link rel=\"canonical\" href=\"https:\/\/etival.fr\/?page_id=21\" \/>\n<meta property=\"og:locale\" content=\"fr_FR\" \/>\n<meta property=\"og:type\" content=\"article\" \/>\n<meta property=\"og:title\" content=\"Conseil municipal - Etival-Clairefontaine\" \/>\n<meta property=\"og:description\" content=\"MaireAur\u00e9lien BANSEPT 1\u00e8re AdjointeSt\u00e9phanie FERRY 2\u00e8me AdjointThierry VOIGNIERTravaux, Voirie, Am\u00e9nagement 3\u00e8me AdjointeG\u00e9raldine THIRIET 4\u00e8me AdjointChristophe BERNASCONI Fran\u00e7oise DEMENGE William MATHIEU Nadine FRESSE Alban SCHWENTZER F\u00e9licia VOGELWEITH Christophe BRUSSEAUX Aurore LOCATELLI Serge FAYS Perrine CANET Jean-Yves BOITTE C\u00e9line DURANT Jean GRANDPR\u00c9 Sylvie FEBVET Michel THIEBAUT &#8212;&#8212;&#8212;&#8212;&#8212;&#8212;&#8212;&#8212;&#8212;&#8212;&#8212;&#8212;&#8212;&#8212;&#8212;&#8212;&#8212;&#8212;&#8212;&#8212;&#8212;&#8212;&#8212;&#8212;&#8212;&#8212;&#8212;&#8212;&#8212;&#8212;&#8212;&#8212;&#8212;&#8212;&#8212;&#8212;&#8212;&#8212;&#8212;&#8212;&#8212;&#8212;- Valentine BEDEL Gabin MICHEL\" \/>\n<meta property=\"og:url\" content=\"https:\/\/etival.fr\/?page_id=21\" \/>\n<meta property=\"og:site_name\" content=\"Etival-Clairefontaine\" \/>\n<meta property=\"article:modified_time\" content=\"2026-03-26T10:06:13+00:00\" \/>\n<meta property=\"og:image\" content=\"https:\/\/etival.fr\/wp-content\/uploads\/2026\/03\/DSC_4353-1-scaled.jpg\" \/>\n\t<meta property=\"og:image:width\" content=\"2198\" \/>\n\t<meta property=\"og:image:height\" content=\"2560\" \/>\n\t<meta property=\"og:image:type\" content=\"image\/jpeg\" \/>\n<meta name=\"twitter:card\" content=\"summary_large_image\" \/>\n<meta name=\"twitter:label1\" content=\"Dur\u00e9e de lecture estim\u00e9e\" \/>\n\t<meta name=\"twitter:data1\" content=\"5 minutes\" \/>\n<script type=\"application\/ld+json\" class=\"yoast-schema-graph\">{\"@context\":\"https:\/\/schema.org\",\"@graph\":[{\"@type\":\"WebPage\",\"@id\":\"https:\/\/etival.fr\/?page_id=21\",\"url\":\"https:\/\/etival.fr\/?page_id=21\",\"name\":\"Conseil municipal - Etival-Clairefontaine\",\"isPartOf\":{\"@id\":\"https:\/\/etival.fr\/#website\"},\"primaryImageOfPage\":{\"@id\":\"https:\/\/etival.fr\/?page_id=21#primaryimage\"},\"image\":{\"@id\":\"https:\/\/etival.fr\/?page_id=21#primaryimage\"},\"thumbnailUrl\":\"https:\/\/etival.fr\/wp-content\/uploads\/2026\/03\/DSC_4353-1-879x1024.jpg\",\"datePublished\":\"2014-07-14T17:27:40+00:00\",\"dateModified\":\"2026-03-26T10:06:13+00:00\",\"breadcrumb\":{\"@id\":\"https:\/\/etival.fr\/?page_id=21#breadcrumb\"},\"inLanguage\":\"fr-FR\",\"potentialAction\":[{\"@type\":\"ReadAction\",\"target\":[\"https:\/\/etival.fr\/?page_id=21\"]}]},{\"@type\":\"ImageObject\",\"inLanguage\":\"fr-FR\",\"@id\":\"https:\/\/etival.fr\/?page_id=21#primaryimage\",\"url\":\"https:\/\/etival.fr\/wp-content\/uploads\/2026\/03\/DSC_4353-1-scaled.jpg\",\"contentUrl\":\"https:\/\/etival.fr\/wp-content\/uploads\/2026\/03\/DSC_4353-1-scaled.jpg\",\"width\":2198,\"height\":2560},{\"@type\":\"BreadcrumbList\",\"@id\":\"https:\/\/etival.fr\/?page_id=21#breadcrumb\",\"itemListElement\":[{\"@type\":\"ListItem\",\"position\":1,\"name\":\"Accueil\",\"item\":\"https:\/\/etival.fr\/\"},{\"@type\":\"ListItem\",\"position\":2,\"name\":\"Votre mairie\",\"item\":\"https:\/\/etival.fr\/?page_id=2\"},{\"@type\":\"ListItem\",\"position\":3,\"name\":\"Conseil municipal\"}]},{\"@type\":\"WebSite\",\"@id\":\"https:\/\/etival.fr\/#website\",\"url\":\"https:\/\/etival.fr\/\",\"name\":\"Etival-Clairefontaine\",\"description\":\"Informations et actualit\u00e9s de la commune\",\"potentialAction\":[{\"@type\":\"SearchAction\",\"target\":{\"@type\":\"EntryPoint\",\"urlTemplate\":\"https:\/\/etival.fr\/?s={search_term_string}\"},\"query-input\":{\"@type\":\"PropertyValueSpecification\",\"valueRequired\":true,\"valueName\":\"search_term_string\"}}],\"inLanguage\":\"fr-FR\"}]}<\/script>\n<!-- \/ Yoast SEO plugin. -->","yoast_head_json":{"title":"Conseil municipal - Etival-Clairefontaine","robots":{"index":"index","follow":"follow","max-snippet":"max-snippet:-1","max-image-preview":"max-image-preview:large","max-video-preview":"max-video-preview:-1"},"canonical":"https:\/\/etival.fr\/?page_id=21","og_locale":"fr_FR","og_type":"article","og_title":"Conseil municipal - Etival-Clairefontaine","og_description":"MaireAur\u00e9lien BANSEPT 1\u00e8re AdjointeSt\u00e9phanie FERRY 2\u00e8me AdjointThierry VOIGNIERTravaux, Voirie, Am\u00e9nagement 3\u00e8me AdjointeG\u00e9raldine THIRIET 4\u00e8me AdjointChristophe BERNASCONI Fran\u00e7oise DEMENGE William MATHIEU Nadine FRESSE Alban SCHWENTZER F\u00e9licia VOGELWEITH Christophe BRUSSEAUX Aurore LOCATELLI Serge FAYS Perrine CANET Jean-Yves BOITTE C\u00e9line DURANT Jean GRANDPR\u00c9 Sylvie FEBVET Michel THIEBAUT &#8212;&#8212;&#8212;&#8212;&#8212;&#8212;&#8212;&#8212;&#8212;&#8212;&#8212;&#8212;&#8212;&#8212;&#8212;&#8212;&#8212;&#8212;&#8212;&#8212;&#8212;&#8212;&#8212;&#8212;&#8212;&#8212;&#8212;&#8212;&#8212;&#8212;&#8212;&#8212;&#8212;&#8212;&#8212;&#8212;&#8212;&#8212;&#8212;&#8212;&#8212;&#8212;- Valentine BEDEL Gabin MICHEL","og_url":"https:\/\/etival.fr\/?page_id=21","og_site_name":"Etival-Clairefontaine","article_modified_time":"2026-03-26T10:06:13+00:00","og_image":[{"width":2198,"height":2560,"url":"https:\/\/etival.fr\/wp-content\/uploads\/2026\/03\/DSC_4353-1-scaled.jpg","type":"image\/jpeg"}],"twitter_card":"summary_large_image","twitter_misc":{"Dur\u00e9e de lecture estim\u00e9e":"5 minutes"},"schema":{"@context":"https:\/\/schema.org","@graph":[{"@type":"WebPage","@id":"https:\/\/etival.fr\/?page_id=21","url":"https:\/\/etival.fr\/?page_id=21","name":"Conseil municipal - Etival-Clairefontaine","isPartOf":{"@id":"https:\/\/etival.fr\/#website"},"primaryImageOfPage":{"@id":"https:\/\/etival.fr\/?page_id=21#primaryimage"},"image":{"@id":"https:\/\/etival.fr\/?page_id=21#primaryimage"},"thumbnailUrl":"https:\/\/etival.fr\/wp-content\/uploads\/2026\/03\/DSC_4353-1-879x1024.jpg","datePublished":"2014-07-14T17:27:40+00:00","dateModified":"2026-03-26T10:06:13+00:00","breadcrumb":{"@id":"https:\/\/etival.fr\/?page_id=21#breadcrumb"},"inLanguage":"fr-FR","potentialAction":[{"@type":"ReadAction","target":["https:\/\/etival.fr\/?page_id=21"]}]},{"@type":"ImageObject","inLanguage":"fr-FR","@id":"https:\/\/etival.fr\/?page_id=21#primaryimage","url":"https:\/\/etival.fr\/wp-content\/uploads\/2026\/03\/DSC_4353-1-scaled.jpg","contentUrl":"https:\/\/etival.fr\/wp-content\/uploads\/2026\/03\/DSC_4353-1-scaled.jpg","width":2198,"height":2560},{"@type":"BreadcrumbList","@id":"https:\/\/etival.fr\/?page_id=21#breadcrumb","itemListElement":[{"@type":"ListItem","position":1,"name":"Accueil","item":"https:\/\/etival.fr\/"},{"@type":"ListItem","position":2,"name":"Votre mairie","item":"https:\/\/etival.fr\/?page_id=2"},{"@type":"ListItem","position":3,"name":"Conseil municipal"}]},{"@type":"WebSite","@id":"https:\/\/etival.fr\/#website","url":"https:\/\/etival.fr\/","name":"Etival-Clairefontaine","description":"Informations et actualit\u00e9s de la commune","potentialAction":[{"@type":"SearchAction","target":{"@type":"EntryPoint","urlTemplate":"https:\/\/etival.fr\/?s={search_term_string}"},"query-input":{"@type":"PropertyValueSpecification","valueRequired":true,"valueName":"search_term_string"}}],"inLanguage":"fr-FR"}]}},"_links":{"self":[{"href":"https:\/\/etival.fr\/index.php?rest_route=\/wp\/v2\/pages\/21","targetHints":{"allow":["GET"]}}],"collection":[{"href":"https:\/\/etival.fr\/index.php?rest_route=\/wp\/v2\/pages"}],"about":[{"href":"https:\/\/etival.fr\/index.php?rest_route=\/wp\/v2\/types\/page"}],"author":[{"embeddable":true,"href":"https:\/\/etival.fr\/index.php?rest_route=\/wp\/v2\/users\/1"}],"replies":[{"embeddable":true,"href":"https:\/\/etival.fr\/index.php?rest_route=%2Fwp%2Fv2%2Fcomments&post=21"}],"version-history":[{"count":131,"href":"https:\/\/etival.fr\/index.php?rest_route=\/wp\/v2\/pages\/21\/revisions"}],"predecessor-version":[{"id":13630,"href":"https:\/\/etival.fr\/index.php?rest_route=\/wp\/v2\/pages\/21\/revisions\/13630"}],"up":[{"embeddable":true,"href":"https:\/\/etival.fr\/index.php?rest_route=\/wp\/v2\/pages\/2"}],"wp:attachment":[{"href":"https:\/\/etival.fr\/index.php?rest_route=%2Fwp%2Fv2%2Fmedia&parent=21"}],"curies":[{"name":"wp","href":"https:\/\/api.w.org\/{rel}","templated":true}]}}