{"id":3597,"date":"2016-03-30T07:24:34","date_gmt":"2016-03-30T06:24:34","guid":{"rendered":"http:\/\/etival.fr\/?page_id=3597"},"modified":"2016-12-27T17:13:36","modified_gmt":"2016-12-27T16:13:36","slug":"2016-3","status":"publish","type":"page","link":"https:\/\/etival.fr\/?page_id=3597","title":{"rendered":"2016"},"content":{"rendered":"<p><iframe loading=\"lazy\" title=\"Trail du T\u00e9l\u00e9thon 2016\" width=\"625\" height=\"352\" src=\"https:\/\/www.youtube.com\/embed\/ED2kZHXOytU?feature=oembed\" frameborder=\"0\" allow=\"accelerometer; autoplay; clipboard-write; encrypted-media; gyroscope; picture-in-picture; web-share\" referrerpolicy=\"strict-origin-when-cross-origin\" allowfullscreen><\/iframe><\/p>\n<p><iframe loading=\"lazy\" title=\"Teaser trail du telethon 2016\" width=\"625\" height=\"352\" src=\"https:\/\/www.youtube.com\/embed\/d1drSAfUl5U?feature=oembed\" frameborder=\"0\" allow=\"accelerometer; autoplay; clipboard-write; encrypted-media; gyroscope; picture-in-picture; web-share\" referrerpolicy=\"strict-origin-when-cross-origin\" allowfullscreen><\/iframe><\/p>\n<hr \/>\n<p style=\"text-align: justify;\"><strong>Livres en libert\u00e9<\/strong><br \/>\nCe concept offre la possibilit\u00e9 de donner et d\u2019emprunter le livre de son choix, dans un premier temps dans la gloriette qui se trouve au abord du parking des camping cars. Cette biblioth\u00e8que en semi plein air permettra d\u2019encourager la lecture publique par un acc\u00e8s \u00e9largi et gratuit aux ouvrages, favorisant le lien social et suscitant l\u2019\u00e9change entre les lecteurs.<\/p>\n<p style=\"text-align: justify;\"><img loading=\"lazy\" decoding=\"async\" class=\"alignnone wp-image-4291\" src=\"http:\/\/etival.fr\/wp-content\/uploads\/2016\/10\/DSCN9047.jpgREDIM.jpg\" alt=\"dscn9047-jpgredim\" width=\"306\" height=\"230\" srcset=\"https:\/\/etival.fr\/wp-content\/uploads\/2016\/10\/DSCN9047.jpgREDIM.jpg 1000w, https:\/\/etival.fr\/wp-content\/uploads\/2016\/10\/DSCN9047.jpgREDIM-300x225.jpg 300w, https:\/\/etival.fr\/wp-content\/uploads\/2016\/10\/DSCN9047.jpgREDIM-768x576.jpg 768w, https:\/\/etival.fr\/wp-content\/uploads\/2016\/10\/DSCN9047.jpgREDIM-624x468.jpg 624w\" sizes=\"auto, (max-width: 306px) 100vw, 306px\" \/> <img loading=\"lazy\" decoding=\"async\" class=\"alignnone wp-image-4292\" src=\"http:\/\/etival.fr\/wp-content\/uploads\/2016\/10\/DSCN9048.jpgREDIM.jpg\" alt=\"dscn9048-jpgredim\" width=\"306\" height=\"230\" srcset=\"https:\/\/etival.fr\/wp-content\/uploads\/2016\/10\/DSCN9048.jpgREDIM.jpg 1000w, https:\/\/etival.fr\/wp-content\/uploads\/2016\/10\/DSCN9048.jpgREDIM-300x225.jpg 300w, https:\/\/etival.fr\/wp-content\/uploads\/2016\/10\/DSCN9048.jpgREDIM-768x576.jpg 768w, https:\/\/etival.fr\/wp-content\/uploads\/2016\/10\/DSCN9048.jpgREDIM-624x468.jpg 624w\" sizes=\"auto, (max-width: 306px) 100vw, 306px\" \/><br \/>\n<img loading=\"lazy\" decoding=\"async\" class=\"wp-image-4293 aligncenter\" src=\"http:\/\/etival.fr\/wp-content\/uploads\/2016\/10\/DSCN9049.jpgREDIM.jpg\" alt=\"dscn9049-jpgredim\" width=\"371\" height=\"494\" srcset=\"https:\/\/etival.fr\/wp-content\/uploads\/2016\/10\/DSCN9049.jpgREDIM.jpg 1000w, https:\/\/etival.fr\/wp-content\/uploads\/2016\/10\/DSCN9049.jpgREDIM-225x300.jpg 225w, https:\/\/etival.fr\/wp-content\/uploads\/2016\/10\/DSCN9049.jpgREDIM-768x1024.jpg 768w, https:\/\/etival.fr\/wp-content\/uploads\/2016\/10\/DSCN9049.jpgREDIM-624x832.jpg 624w\" sizes=\"auto, (max-width: 371px) 100vw, 371px\" \/><\/p>\n<p style=\"text-align: justify;\">Soleil couchant depuis Beaulieu.<br \/>\n<img loading=\"lazy\" decoding=\"async\" class=\"alignnone size-full wp-image-4197\" src=\"http:\/\/etival.fr\/wp-content\/uploads\/2016\/09\/SEPTEMBRE-2016.jpgredim.jpg\" alt=\"septembre-2016-jpgredim\" width=\"1000\" height=\"667\" srcset=\"https:\/\/etival.fr\/wp-content\/uploads\/2016\/09\/SEPTEMBRE-2016.jpgredim.jpg 1000w, https:\/\/etival.fr\/wp-content\/uploads\/2016\/09\/SEPTEMBRE-2016.jpgredim-300x200.jpg 300w, https:\/\/etival.fr\/wp-content\/uploads\/2016\/09\/SEPTEMBRE-2016.jpgredim-768x512.jpg 768w, https:\/\/etival.fr\/wp-content\/uploads\/2016\/09\/SEPTEMBRE-2016.jpgredim-624x416.jpg 624w\" sizes=\"auto, (max-width: 1000px) 100vw, 1000px\" \/><\/p>\n<p style=\"text-align: justify;\">Les hirondelles pr\u00e9parent leur d\u00e9part.<br \/>\n<img loading=\"lazy\" decoding=\"async\" class=\"alignnone size-full wp-image-4198\" src=\"http:\/\/etival.fr\/wp-content\/uploads\/2016\/09\/SEPTEMBRE-20162.jpg\" alt=\"septembre-20162\" width=\"1000\" height=\"667\" srcset=\"https:\/\/etival.fr\/wp-content\/uploads\/2016\/09\/SEPTEMBRE-20162.jpg 1000w, https:\/\/etival.fr\/wp-content\/uploads\/2016\/09\/SEPTEMBRE-20162-300x200.jpg 300w, https:\/\/etival.fr\/wp-content\/uploads\/2016\/09\/SEPTEMBRE-20162-768x512.jpg 768w, https:\/\/etival.fr\/wp-content\/uploads\/2016\/09\/SEPTEMBRE-20162-624x416.jpg 624w\" sizes=\"auto, (max-width: 1000px) 100vw, 1000px\" \/><br \/>\n<em>Septembre 2016<\/em><\/p>\n<hr \/>\n<p style=\"text-align: justify;\"><img loading=\"lazy\" decoding=\"async\" class=\"alignnone size-full wp-image-4072\" src=\"http:\/\/etival.fr\/wp-content\/uploads\/2016\/08\/aur\u00e9lien.jpgredim.jpg\" alt=\"aur\u00e9lien.jpgredim\" width=\"1000\" height=\"780\" srcset=\"https:\/\/etival.fr\/wp-content\/uploads\/2016\/08\/aur\u00e9lien.jpgredim.jpg 1000w, https:\/\/etival.fr\/wp-content\/uploads\/2016\/08\/aur\u00e9lien.jpgredim-300x234.jpg 300w, https:\/\/etival.fr\/wp-content\/uploads\/2016\/08\/aur\u00e9lien.jpgredim-768x599.jpg 768w, https:\/\/etival.fr\/wp-content\/uploads\/2016\/08\/aur\u00e9lien.jpgredim-624x487.jpg 624w\" sizes=\"auto, (max-width: 1000px) 100vw, 1000px\" \/><\/p>\n<hr \/>\n<p style=\"text-align: justify;\"><a href=\"http:\/\/etival.fr\/wp-content\/uploads\/2016\/06\/Photos-du-tournoi-page-1.jpg\"><img loading=\"lazy\" decoding=\"async\" class=\"alignnone size-full wp-image-3937\" src=\"http:\/\/etival.fr\/wp-content\/uploads\/2016\/06\/Photos-du-tournoi-page-1.jpg\" alt=\"Photos-du-tournoi-page-1\" width=\"1000\" height=\"1375\" srcset=\"https:\/\/etival.fr\/wp-content\/uploads\/2016\/06\/Photos-du-tournoi-page-1.jpg 1000w, https:\/\/etival.fr\/wp-content\/uploads\/2016\/06\/Photos-du-tournoi-page-1-218x300.jpg 218w, https:\/\/etival.fr\/wp-content\/uploads\/2016\/06\/Photos-du-tournoi-page-1-745x1024.jpg 745w, https:\/\/etival.fr\/wp-content\/uploads\/2016\/06\/Photos-du-tournoi-page-1-624x858.jpg 624w\" sizes=\"auto, (max-width: 1000px) 100vw, 1000px\" \/><\/a><\/p>\n<hr \/>\n<p style=\"text-align: justify;\"><em>C&rsquo;\u00e9tait le 11 novembre 2014 \u00e0 Etival-Clairefontaine l\u2019inauguration de la Plaque Comm\u00e9morative<\/em><br \/>\n<em> en hommage au Lieutenant Edward James BOLEN Jr de la 314\u00e8me Escadrille de Chasse du 324\u00e8me Groupe de Combat, 12\u00e8me Air Force.<\/em><\/p>\n<p style=\"text-align: justify;\">On en parle dans le SUNDAY du 29 mai 2016<\/p>\n<p style=\"text-align: justify;\"><img loading=\"lazy\" decoding=\"async\" class=\"alignnone size-full wp-image-3913\" src=\"http:\/\/etival.fr\/wp-content\/uploads\/2016\/06\/SKMBT_C364e16062114170.jpgredim.jpg\" alt=\"SKMBT_C364e16062114170.jpgredim\" width=\"1000\" height=\"1465\" srcset=\"https:\/\/etival.fr\/wp-content\/uploads\/2016\/06\/SKMBT_C364e16062114170.jpgredim.jpg 1000w, https:\/\/etival.fr\/wp-content\/uploads\/2016\/06\/SKMBT_C364e16062114170.jpgredim-205x300.jpg 205w, https:\/\/etival.fr\/wp-content\/uploads\/2016\/06\/SKMBT_C364e16062114170.jpgredim-699x1024.jpg 699w, https:\/\/etival.fr\/wp-content\/uploads\/2016\/06\/SKMBT_C364e16062114170.jpgredim-624x914.jpg 624w\" sizes=\"auto, (max-width: 1000px) 100vw, 1000px\" \/><\/p>\n<p style=\"text-align: justify;\"><img loading=\"lazy\" decoding=\"async\" class=\"alignnone size-full wp-image-3914\" src=\"http:\/\/etival.fr\/wp-content\/uploads\/2016\/06\/SKMBT_C364e16062114240.jpgREDIM.jpg\" alt=\"SKMBT_C364e16062114240.jpgREDIM\" width=\"1000\" height=\"1844\" srcset=\"https:\/\/etival.fr\/wp-content\/uploads\/2016\/06\/SKMBT_C364e16062114240.jpgREDIM.jpg 1000w, https:\/\/etival.fr\/wp-content\/uploads\/2016\/06\/SKMBT_C364e16062114240.jpgREDIM-163x300.jpg 163w, https:\/\/etival.fr\/wp-content\/uploads\/2016\/06\/SKMBT_C364e16062114240.jpgREDIM-555x1024.jpg 555w, https:\/\/etival.fr\/wp-content\/uploads\/2016\/06\/SKMBT_C364e16062114240.jpgREDIM-624x1151.jpg 624w\" sizes=\"auto, (max-width: 1000px) 100vw, 1000px\" \/><\/p>\n<hr \/>\n<p style=\"text-align: justify;\">Ce mardi 21 juin \u00e0 l\u2019\u00c9cole de Clairefontaine en pr\u00e9sence de Madame PHULPIN Adjointe aux Affaires scolaires et p\u00e9riscolaires, une distribution de calculatrices financ\u00e9es par la Municipalit\u00e9 a \u00e9t\u00e9 organis\u00e9 en faveur des \u00e9l\u00e8ves de CM2, pour leur passage en 6\u00e8me.<br \/>\nApr\u00e8s un petit discours pour leur souhaiter une bonne continuation dans leurs scolarit\u00e9s Madame l&rsquo;Adjointe\u00a0 a remis une calculatrice \u00e0 chacun des 20 \u00e9l\u00e8ves pr\u00e9sents.<\/p>\n<p style=\"text-align: justify;\"><img loading=\"lazy\" decoding=\"async\" class=\"alignnone size-full wp-image-3902\" src=\"http:\/\/etival.fr\/wp-content\/uploads\/2016\/06\/DSCN9001.jpg\" alt=\"DSCN9001\" width=\"1000\" height=\"699\" srcset=\"https:\/\/etival.fr\/wp-content\/uploads\/2016\/06\/DSCN9001.jpg 1000w, https:\/\/etival.fr\/wp-content\/uploads\/2016\/06\/DSCN9001-300x210.jpg 300w, https:\/\/etival.fr\/wp-content\/uploads\/2016\/06\/DSCN9001-624x436.jpg 624w\" sizes=\"auto, (max-width: 1000px) 100vw, 1000px\" \/><\/p>\n<hr \/>\n<h1><a href=\"http:\/\/etival.fr\/wp-content\/uploads\/2016\/06\/Photos-du-tournoi-Parents.jpgREDIM.jpg\"><img loading=\"lazy\" decoding=\"async\" class=\"alignnone size-full wp-image-3889\" src=\"http:\/\/etival.fr\/wp-content\/uploads\/2016\/06\/Photos-du-tournoi-Parents.jpgREDIM.jpg\" alt=\"Photos-du-tournoi-Parents.jpgREDIM\" width=\"1000\" height=\"1406\" srcset=\"https:\/\/etival.fr\/wp-content\/uploads\/2016\/06\/Photos-du-tournoi-Parents.jpgREDIM.jpg 1000w, https:\/\/etival.fr\/wp-content\/uploads\/2016\/06\/Photos-du-tournoi-Parents.jpgREDIM-213x300.jpg 213w, https:\/\/etival.fr\/wp-content\/uploads\/2016\/06\/Photos-du-tournoi-Parents.jpgREDIM-728x1024.jpg 728w, https:\/\/etival.fr\/wp-content\/uploads\/2016\/06\/Photos-du-tournoi-Parents.jpgREDIM-624x877.jpg 624w\" sizes=\"auto, (max-width: 1000px) 100vw, 1000px\" \/><\/a><\/h1>\n<hr \/>\n<p>&nbsp;<\/p>\n<p>Mardi 14 juin 2016, Etival-Clairefontaine accueillait un \u00e9v\u00e8nement particulier : l&rsquo;inauguration du deuxi\u00e8me d\u00e9fibrillateur automatis\u00e9 externe (DAE), install\u00e9 depuis peu sur une fa\u00e7ade ext\u00e9rieure de la Salle des F\u00eates Edmond Cunin.<br \/>\nGr\u00e2ce \u00e0 ces \u00e9quipements, toute personne, pourra d\u00e9sormais intervenir rapidement aupr\u00e8s d\u2019une victime d\u2019arr\u00eat cardiaque en attendant l\u2019arriv\u00e9e des secours.<br \/>\n<img loading=\"lazy\" decoding=\"async\" class=\"alignleft size-full wp-image-3869\" src=\"http:\/\/etival.fr\/wp-content\/uploads\/2016\/06\/IMG_48447.jpgredim.jpg\" alt=\"IMG_48447.jpgredim\" width=\"1000\" height=\"909\" srcset=\"https:\/\/etival.fr\/wp-content\/uploads\/2016\/06\/IMG_48447.jpgredim.jpg 1000w, https:\/\/etival.fr\/wp-content\/uploads\/2016\/06\/IMG_48447.jpgredim-300x273.jpg 300w, https:\/\/etival.fr\/wp-content\/uploads\/2016\/06\/IMG_48447.jpgredim-624x567.jpg 624w\" sizes=\"auto, (max-width: 1000px) 100vw, 1000px\" \/><\/p>\n<hr \/>\n<h1><\/h1>\n<hr \/>\n<h1><span style=\"color: #008080;\">Les filles d\u2019Etival-Clairefontaine promues en Pro A<\/span><\/h1>\n<p style=\"text-align: justify;\">Les Stivaliennes se sont impos\u00e9es contre Paris 13 hier soir, elles ont officiellement d\u00e9croch\u00e9 leur ticket pour l\u2019\u00e9lite. Car dans le m\u00eame temps, Schiltigheim, leur dernier rival, a conc\u00e9d\u00e9 le match nul \u00e0 Saint-Denis. <span style=\"color: #008080;\"><strong>BRAVO LES FILLES !<\/strong><\/span><\/p>\n<p><img loading=\"lazy\" decoding=\"async\" class=\"alignleft size-full wp-image-3667\" src=\"http:\/\/etival.fr\/wp-content\/uploads\/2016\/04\/REDIM.jpg\" alt=\"REDIM\" width=\"1000\" height=\"646\" srcset=\"https:\/\/etival.fr\/wp-content\/uploads\/2016\/04\/REDIM.jpg 1000w, https:\/\/etival.fr\/wp-content\/uploads\/2016\/04\/REDIM-300x194.jpg 300w, https:\/\/etival.fr\/wp-content\/uploads\/2016\/04\/REDIM-624x403.jpg 624w\" sizes=\"auto, (max-width: 1000px) 100vw, 1000px\" \/><\/p>\n<p><img loading=\"lazy\" decoding=\"async\" class=\"alignleft size-full wp-image-3668\" src=\"http:\/\/etival.fr\/wp-content\/uploads\/2016\/04\/REDIM1.jpg\" alt=\"REDIM1\" width=\"1000\" height=\"667\" srcset=\"https:\/\/etival.fr\/wp-content\/uploads\/2016\/04\/REDIM1.jpg 1000w, https:\/\/etival.fr\/wp-content\/uploads\/2016\/04\/REDIM1-300x200.jpg 300w, https:\/\/etival.fr\/wp-content\/uploads\/2016\/04\/REDIM1-624x416.jpg 624w\" sizes=\"auto, (max-width: 1000px) 100vw, 1000px\" \/><\/p>\n<p>&nbsp;<\/p>\n<hr \/>\n<p>&nbsp;<\/p>\n<p>Vers la Roche du Bouc ou la mutation printani\u00e8re commence.<\/p>\n<p><a href=\"http:\/\/etival.fr\/wp-content\/uploads\/2016\/04\/2.jpg\"><img loading=\"lazy\" decoding=\"async\" class=\"alignleft size-full wp-image-3680\" src=\"http:\/\/etival.fr\/wp-content\/uploads\/2016\/04\/2.jpg\" alt=\"2\" width=\"511\" height=\"341\" srcset=\"https:\/\/etival.fr\/wp-content\/uploads\/2016\/04\/2.jpg 511w, https:\/\/etival.fr\/wp-content\/uploads\/2016\/04\/2-300x200.jpg 300w\" sizes=\"auto, (max-width: 511px) 100vw, 511px\" \/><\/a> <img loading=\"lazy\" decoding=\"async\" class=\"alignleft size-full wp-image-3679\" src=\"http:\/\/etival.fr\/wp-content\/uploads\/2016\/04\/1.jpg\" alt=\"1\" width=\"640\" height=\"427\" srcset=\"https:\/\/etival.fr\/wp-content\/uploads\/2016\/04\/1.jpg 640w, https:\/\/etival.fr\/wp-content\/uploads\/2016\/04\/1-300x200.jpg 300w, https:\/\/etival.fr\/wp-content\/uploads\/2016\/04\/1-624x416.jpg 624w\" sizes=\"auto, (max-width: 640px) 100vw, 640px\" \/><\/p>\n<p>&nbsp;<\/p>\n<p>&nbsp;<\/p>\n<p>&nbsp;<\/p>\n<p>&nbsp;<\/p>\n<p>&nbsp;<\/p>\n<p>&nbsp;<\/p>\n<p>&nbsp;<\/p>\n<p>&nbsp;<\/p>\n<p>&nbsp;<\/p>\n<hr \/>\n<p>Pour la 3e ann\u00e9e cons\u00e9cutive, le Pays de la D\u00e9odatie coordonne une semaine d&rsquo;animations autour de la journ\u00e9e internationale des for\u00eats.<br \/>\nLa semaine des for\u00eats en D\u00e9odatie\u00a0a lieu du 19 mars au 1er avril 2016.<br \/>\nNotre commune y est associ\u00e9e via l&rsquo;op\u00e9ration \u00ab\u00a0Plus d&rsquo;arbres, plus de vie\u00a0\u00bb\u00a0qu&rsquo;a r\u00e9alis\u00e9\u00a0la classe de CM2 de l&rsquo;\u00c9cole\u00a0Stivalienne (plantation d&rsquo;arbres en for\u00eat communale).<\/p>\n<p><img loading=\"lazy\" decoding=\"async\" class=\"alignleft size-full wp-image-3572\" src=\"http:\/\/etival.fr\/wp-content\/uploads\/2016\/03\/plantation.jpg\" alt=\"plantation\" width=\"1000\" height=\"682\" srcset=\"https:\/\/etival.fr\/wp-content\/uploads\/2016\/03\/plantation.jpg 1000w, https:\/\/etival.fr\/wp-content\/uploads\/2016\/03\/plantation-300x205.jpg 300w, https:\/\/etival.fr\/wp-content\/uploads\/2016\/03\/plantation-624x426.jpg 624w\" sizes=\"auto, (max-width: 1000px) 100vw, 1000px\" \/><\/p>\n","protected":false},"excerpt":{"rendered":"<p>Livres en libert\u00e9 Ce concept offre la possibilit\u00e9 de donner et d\u2019emprunter le livre de son choix, dans un premier temps dans la gloriette qui se trouve au abord du parking des camping cars. Cette biblioth\u00e8que en semi plein air permettra d\u2019encourager la lecture publique par un acc\u00e8s \u00e9largi et gratuit aux ouvrages, favorisant le [&hellip;]<\/p>\n","protected":false},"author":2,"featured_media":0,"parent":0,"menu_order":0,"comment_status":"closed","ping_status":"open","template":"","meta":{"footnotes":""},"class_list":["post-3597","page","type-page","status-publish","hentry"],"yoast_head":"<!-- This site is optimized with the Yoast SEO plugin v26.8 - https:\/\/yoast.com\/product\/yoast-seo-wordpress\/ -->\n<title>2016 - Etival-Clairefontaine<\/title>\n<meta name=\"robots\" content=\"index, follow, max-snippet:-1, max-image-preview:large, max-video-preview:-1\" \/>\n<link rel=\"canonical\" href=\"https:\/\/etival.fr\/?page_id=3597\" \/>\n<meta property=\"og:locale\" content=\"fr_FR\" \/>\n<meta property=\"og:type\" content=\"article\" \/>\n<meta property=\"og:title\" content=\"2016 - Etival-Clairefontaine\" \/>\n<meta property=\"og:description\" content=\"Livres en libert\u00e9 Ce concept offre la possibilit\u00e9 de donner et d\u2019emprunter le livre de son choix, dans un premier temps dans la gloriette qui se trouve au abord du parking des camping cars. Cette biblioth\u00e8que en semi plein air permettra d\u2019encourager la lecture publique par un acc\u00e8s \u00e9largi et gratuit aux ouvrages, favorisant le [&hellip;]\" \/>\n<meta property=\"og:url\" content=\"https:\/\/etival.fr\/?page_id=3597\" \/>\n<meta property=\"og:site_name\" content=\"Etival-Clairefontaine\" \/>\n<meta property=\"article:modified_time\" content=\"2016-12-27T16:13:36+00:00\" \/>\n<meta property=\"og:image\" content=\"http:\/\/etival.fr\/wp-content\/uploads\/2016\/10\/DSCN9047.jpgREDIM.jpg\" \/>\n<meta name=\"twitter:card\" content=\"summary_large_image\" \/>\n<meta name=\"twitter:label1\" content=\"Dur\u00e9e de lecture estim\u00e9e\" \/>\n\t<meta name=\"twitter:data1\" content=\"2 minutes\" \/>\n<script type=\"application\/ld+json\" class=\"yoast-schema-graph\">{\"@context\":\"https:\/\/schema.org\",\"@graph\":[{\"@type\":\"WebPage\",\"@id\":\"https:\/\/etival.fr\/?page_id=3597\",\"url\":\"https:\/\/etival.fr\/?page_id=3597\",\"name\":\"2016 - Etival-Clairefontaine\",\"isPartOf\":{\"@id\":\"https:\/\/etival.fr\/#website\"},\"primaryImageOfPage\":{\"@id\":\"https:\/\/etival.fr\/?page_id=3597#primaryimage\"},\"image\":{\"@id\":\"https:\/\/etival.fr\/?page_id=3597#primaryimage\"},\"thumbnailUrl\":\"http:\/\/etival.fr\/wp-content\/uploads\/2016\/10\/DSCN9047.jpgREDIM.jpg\",\"datePublished\":\"2016-03-30T06:24:34+00:00\",\"dateModified\":\"2016-12-27T16:13:36+00:00\",\"breadcrumb\":{\"@id\":\"https:\/\/etival.fr\/?page_id=3597#breadcrumb\"},\"inLanguage\":\"fr-FR\",\"potentialAction\":[{\"@type\":\"ReadAction\",\"target\":[\"https:\/\/etival.fr\/?page_id=3597\"]}]},{\"@type\":\"ImageObject\",\"inLanguage\":\"fr-FR\",\"@id\":\"https:\/\/etival.fr\/?page_id=3597#primaryimage\",\"url\":\"http:\/\/etival.fr\/wp-content\/uploads\/2016\/10\/DSCN9047.jpgREDIM.jpg\",\"contentUrl\":\"http:\/\/etival.fr\/wp-content\/uploads\/2016\/10\/DSCN9047.jpgREDIM.jpg\"},{\"@type\":\"BreadcrumbList\",\"@id\":\"https:\/\/etival.fr\/?page_id=3597#breadcrumb\",\"itemListElement\":[{\"@type\":\"ListItem\",\"position\":1,\"name\":\"Accueil\",\"item\":\"https:\/\/etival.fr\/\"},{\"@type\":\"ListItem\",\"position\":2,\"name\":\"2016\"}]},{\"@type\":\"WebSite\",\"@id\":\"https:\/\/etival.fr\/#website\",\"url\":\"https:\/\/etival.fr\/\",\"name\":\"Etival-Clairefontaine\",\"description\":\"Informations et actualit\u00e9s de la commune\",\"potentialAction\":[{\"@type\":\"SearchAction\",\"target\":{\"@type\":\"EntryPoint\",\"urlTemplate\":\"https:\/\/etival.fr\/?s={search_term_string}\"},\"query-input\":{\"@type\":\"PropertyValueSpecification\",\"valueRequired\":true,\"valueName\":\"search_term_string\"}}],\"inLanguage\":\"fr-FR\"}]}<\/script>\n<!-- \/ Yoast SEO plugin. -->","yoast_head_json":{"title":"2016 - Etival-Clairefontaine","robots":{"index":"index","follow":"follow","max-snippet":"max-snippet:-1","max-image-preview":"max-image-preview:large","max-video-preview":"max-video-preview:-1"},"canonical":"https:\/\/etival.fr\/?page_id=3597","og_locale":"fr_FR","og_type":"article","og_title":"2016 - Etival-Clairefontaine","og_description":"Livres en libert\u00e9 Ce concept offre la possibilit\u00e9 de donner et d\u2019emprunter le livre de son choix, dans un premier temps dans la gloriette qui se trouve au abord du parking des camping cars. Cette biblioth\u00e8que en semi plein air permettra d\u2019encourager la lecture publique par un acc\u00e8s \u00e9largi et gratuit aux ouvrages, favorisant le [&hellip;]","og_url":"https:\/\/etival.fr\/?page_id=3597","og_site_name":"Etival-Clairefontaine","article_modified_time":"2016-12-27T16:13:36+00:00","og_image":[{"url":"http:\/\/etival.fr\/wp-content\/uploads\/2016\/10\/DSCN9047.jpgREDIM.jpg","type":"","width":"","height":""}],"twitter_card":"summary_large_image","twitter_misc":{"Dur\u00e9e de lecture estim\u00e9e":"2 minutes"},"schema":{"@context":"https:\/\/schema.org","@graph":[{"@type":"WebPage","@id":"https:\/\/etival.fr\/?page_id=3597","url":"https:\/\/etival.fr\/?page_id=3597","name":"2016 - Etival-Clairefontaine","isPartOf":{"@id":"https:\/\/etival.fr\/#website"},"primaryImageOfPage":{"@id":"https:\/\/etival.fr\/?page_id=3597#primaryimage"},"image":{"@id":"https:\/\/etival.fr\/?page_id=3597#primaryimage"},"thumbnailUrl":"http:\/\/etival.fr\/wp-content\/uploads\/2016\/10\/DSCN9047.jpgREDIM.jpg","datePublished":"2016-03-30T06:24:34+00:00","dateModified":"2016-12-27T16:13:36+00:00","breadcrumb":{"@id":"https:\/\/etival.fr\/?page_id=3597#breadcrumb"},"inLanguage":"fr-FR","potentialAction":[{"@type":"ReadAction","target":["https:\/\/etival.fr\/?page_id=3597"]}]},{"@type":"ImageObject","inLanguage":"fr-FR","@id":"https:\/\/etival.fr\/?page_id=3597#primaryimage","url":"http:\/\/etival.fr\/wp-content\/uploads\/2016\/10\/DSCN9047.jpgREDIM.jpg","contentUrl":"http:\/\/etival.fr\/wp-content\/uploads\/2016\/10\/DSCN9047.jpgREDIM.jpg"},{"@type":"BreadcrumbList","@id":"https:\/\/etival.fr\/?page_id=3597#breadcrumb","itemListElement":[{"@type":"ListItem","position":1,"name":"Accueil","item":"https:\/\/etival.fr\/"},{"@type":"ListItem","position":2,"name":"2016"}]},{"@type":"WebSite","@id":"https:\/\/etival.fr\/#website","url":"https:\/\/etival.fr\/","name":"Etival-Clairefontaine","description":"Informations et actualit\u00e9s de la commune","potentialAction":[{"@type":"SearchAction","target":{"@type":"EntryPoint","urlTemplate":"https:\/\/etival.fr\/?s={search_term_string}"},"query-input":{"@type":"PropertyValueSpecification","valueRequired":true,"valueName":"search_term_string"}}],"inLanguage":"fr-FR"}]}},"_links":{"self":[{"href":"https:\/\/etival.fr\/index.php?rest_route=\/wp\/v2\/pages\/3597","targetHints":{"allow":["GET"]}}],"collection":[{"href":"https:\/\/etival.fr\/index.php?rest_route=\/wp\/v2\/pages"}],"about":[{"href":"https:\/\/etival.fr\/index.php?rest_route=\/wp\/v2\/types\/page"}],"author":[{"embeddable":true,"href":"https:\/\/etival.fr\/index.php?rest_route=\/wp\/v2\/users\/2"}],"replies":[{"embeddable":true,"href":"https:\/\/etival.fr\/index.php?rest_route=%2Fwp%2Fv2%2Fcomments&post=3597"}],"version-history":[{"count":17,"href":"https:\/\/etival.fr\/index.php?rest_route=\/wp\/v2\/pages\/3597\/revisions"}],"predecessor-version":[{"id":4495,"href":"https:\/\/etival.fr\/index.php?rest_route=\/wp\/v2\/pages\/3597\/revisions\/4495"}],"wp:attachment":[{"href":"https:\/\/etival.fr\/index.php?rest_route=%2Fwp%2Fv2%2Fmedia&parent=3597"}],"curies":[{"name":"wp","href":"https:\/\/api.w.org\/{rel}","templated":true}]}}